{"id":236357,"date":"2022-12-16T12:03:16","date_gmt":"2022-12-16T11:03:16","guid":{"rendered":"https:\/\/www.pladostelma.com\/?page_id=236357"},"modified":"2025-09-26T14:56:27","modified_gmt":"2025-09-26T12:56:27","slug":"life-green-composite","status":"publish","type":"page","link":"https:\/\/www.pladostelma.com\/fr\/life-green-composite\/","title":{"rendered":"COMPOSITE VERT DE VIE"},"content":{"rendered":"<div class=\"wp-block-columns is-layout-flex wp-container-core-columns-is-layout-9d6595d7 wp-block-columns-is-layout-flex\">\n<div class=\"wp-block-column is-layout-flow wp-block-column-is-layout-flow\"><div class=\"wp-block-image is-resized\">\n<figure class=\"aligncenter size-large\"><img decoding=\"async\" width=\"1024\" height=\"459\" src=\"https:\/\/www.pladostelma.com\/wp-content\/uploads\/LIFE-Reference-LGC_EN-1024x459.jpg\" alt=\"\" class=\"wp-image-239419\" srcset=\"https:\/\/www.pladostelma.com\/wp-content\/uploads\/LIFE-Reference-LGC_EN-1024x459.jpg 1024w, https:\/\/www.pladostelma.com\/wp-content\/uploads\/LIFE-Reference-LGC_EN-300x134.jpg 300w, https:\/\/www.pladostelma.com\/wp-content\/uploads\/LIFE-Reference-LGC_EN-768x344.jpg 768w, https:\/\/www.pladostelma.com\/wp-content\/uploads\/LIFE-Reference-LGC_EN-18x8.jpg 18w, https:\/\/www.pladostelma.com\/wp-content\/uploads\/LIFE-Reference-LGC_EN-600x269.jpg 600w, https:\/\/www.pladostelma.com\/wp-content\/uploads\/LIFE-Reference-LGC_EN-100x45.jpg 100w, https:\/\/www.pladostelma.com\/wp-content\/uploads\/LIFE-Reference-LGC_EN.jpg 1040w\" sizes=\"(max-width: 1024px) 100vw, 1024px\" \/><\/figure><\/div><\/div>\n\n\n\n<div class=\"wp-block-column is-layout-flow wp-block-column-is-layout-flow\"><div class=\"wp-block-image is-resized\">\n<figure class=\"aligncenter size-large\"><img decoding=\"async\" width=\"1024\" height=\"639\" src=\"https:\/\/www.pladostelma.com\/wp-content\/uploads\/logo_life_green_composite-1-1024x639.jpg\" alt=\"\" class=\"wp-image-239421\" srcset=\"https:\/\/www.pladostelma.com\/wp-content\/uploads\/logo_life_green_composite-1-1024x639.jpg 1024w, https:\/\/www.pladostelma.com\/wp-content\/uploads\/logo_life_green_composite-1-300x187.jpg 300w, https:\/\/www.pladostelma.com\/wp-content\/uploads\/logo_life_green_composite-1-768x479.jpg 768w, https:\/\/www.pladostelma.com\/wp-content\/uploads\/logo_life_green_composite-1-18x12.jpg 18w, https:\/\/www.pladostelma.com\/wp-content\/uploads\/logo_life_green_composite-1-600x374.jpg 600w, https:\/\/www.pladostelma.com\/wp-content\/uploads\/logo_life_green_composite-1-100x62.jpg 100w, https:\/\/www.pladostelma.com\/wp-content\/uploads\/logo_life_green_composite-1.jpg 1258w\" sizes=\"(max-width: 1024px) 100vw, 1024px\" \/><\/figure><\/div><\/div>\n\n\n\n<div class=\"wp-block-column is-layout-flow wp-block-column-is-layout-flow\"><\/div>\n<\/div>\n\n\n\n<div style=\"height:25px\" aria-hidden=\"true\" class=\"wp-block-spacer\"><\/div>\n\n\n\t\t\t\t<div class=\"wp-block-uagb-table-of-contents uagb-toc__align-left uagb-toc__columns-1  uagb-block-513cd25e\"\n\t\t\t\t\tdata-scroll= \"1\"\n\t\t\t\t\tdata-offset= \"30\"\n\t\t\t\t\tstyle=\"\"\n\t\t\t\t>\n\t\t\t\t<div class=\"uagb-toc__wrap\">\n\t\t\t\t\t\t<div class=\"uagb-toc__title\">\n\t\t\t\t\t\t\tTable des mati\u00e8res :\t\t\t\t\t\t<\/div>\n\t\t\t\t\t\t\t\t\t\t\t\t\t\t\t\t\t\t\t\t\t\t<div class=\"uagb-toc__list-wrap\">\n\t\t\t\t\t\t<ol class=\"uagb-toc__list\"><li class=\"uagb-toc__list\"><a href=\"#produrre-lavelli-compositi-green-e-work-top-riutilizzando-scarti-e-sfridi-di-produzione-di-lavelli-delta\" class=\"uagb-toc-link__trigger\">Production d'\u00e9viers et de plans de travail en mat\u00e9riaux composites \u00e9cologiques par la r\u00e9utilisation des chutes et des d\u00e9chets de productionone d'\u00e9viers Delta<\/a><ul class=\"uagb-toc__list\"><li class=\"uagb-toc__list\"><a href=\"#delta-presenta-il-progetto-life-green-compositeai-beneficiari-2022-del-programma-life\" class=\"uagb-toc-link__trigger\">Delta pr\u00e9sente le projet LIFE GREEN COMPOSITE aux 2022 b\u00e9n\u00e9ficiaires du programme LIFE !<\/a><li class=\"uagb-toc__list\"><li class=\"uagb-toc__list\"><a href=\"#obiettivo-del-progetto\" class=\"uagb-toc-link__trigger\">Objectif du projet<\/a><li class=\"uagb-toc__list\"><li class=\"uagb-toc__list\"><a href=\"#come-verr\u00e0-raggiunto-lobiettivo-del-progetto\" class=\"uagb-toc-link__trigger\">Comment l'objectif du projet sera-t-il atteint ?<\/a><li class=\"uagb-toc__list\"><li class=\"uagb-toc__list\"><a href=\"#nuovi-impianti-industriali\" class=\"uagb-toc-link__trigger\">Nouvelles installations industrielles<\/a><li class=\"uagb-toc__list\"><li class=\"uagb-toc__list\"><a href=\"#innovazioni\" class=\"uagb-toc-link__trigger\">Innovations<\/a><ul class=\"uagb-toc__list\"><li class=\"uagb-toc__list\"><a href=\"#impatti\" class=\"uagb-toc-link__trigger\">Impacts<\/a><\/li><\/ul><li class=\"uagb-toc__list\"><a href=\"#interviste-sul-recupero-e-economia-circolare\" class=\"uagb-toc-link__trigger\">Interviews sur la valorisation et l'\u00e9conomie circulaire<\/a><li class=\"uagb-toc__list\"><li class=\"uagb-toc__list\"><a href=\"#materiale-scaricabile\" class=\"uagb-toc-link__trigger\">Mat\u00e9riel t\u00e9l\u00e9chargeable<\/a><li class=\"uagb-toc__list\"><li class=\"uagb-toc__list\"><a href=\"#pubblicato-su-picchio-news-un-comunicato-stampa-del-progetto-life-green-composite-il-gruppo-plados-delta-sar\u00e0-la-prima-azienda-al-mondo-a-produrre-una-gamma-di-lavelli-green\" class=\"uagb-toc-link__trigger\">Picchio News a publi\u00e9 un communiqu\u00e9 de presse sur le projet LIFE GREEN COMPOSITE \"Le groupe Plados-Delta sera la premi\u00e8re entreprise au monde \u00e0 produire une gamme de puits \"verts\"\".<\/a><li class=\"uagb-toc__list\"><li class=\"uagb-toc__list\"><a href=\"#laymans-report\" class=\"uagb-toc-link__trigger\">RAPPORT DU PROFANE<\/a><li class=\"uagb-toc__list\"><li class=\"uagb-toc__list\"><a href=\"#risultati-finali-del-progetto\" class=\"uagb-toc-link__trigger\">R\u00c9SULTATS FINAUX DU PROJET<\/a><\/ul><\/ol>\t\t\t\t\t<\/div>\n\t\t\t\t\t\t\t\t\t<\/div>\n\t\t\t\t<\/div>\n\t\t\t\n\n\n<div style=\"height:15px\" aria-hidden=\"true\" class=\"wp-block-spacer\"><\/div>\n\n\n\n<p class=\"has-text-align-left\">Projet cofinanc\u00e9 par le programme europ\u00e9en Unione LIFE21-ENV-IT-LIFE GREEN COMPOSITE<br><strong>DUREE DU PROJET : D\u00e9but 01\/08\/22 - Fin 31\/07\/25<\/strong><br><strong><strong>B\u00e9n\u00e9ficiaire coordonnateur : DELTA Srl<\/strong><\/strong><br><strong>B\u00e9n\u00e9ficiaire associ\u00e9 : GEES RECYCLING Srl<\/strong><br><strong>Lieu du projet : Montelupone - Montecassiano (Macerata \/ Pordenone) Italie<\/strong><br><br>Le 1er ao\u00fbt 2022, Delta du groupe Plados Telma a lanc\u00e9 le projet LIFE en coop\u00e9rationone avec Gees Recycling, un projet cofinanc\u00e9 \u00e0 60% par la Commission europ\u00e9enne.<br>Le projet aura une dur\u00e9e de trois ans et s'ach\u00e8vera le 31 juillet 2025.<\/p>\n\n\n\n<div style=\"height:100px\" aria-hidden=\"true\" class=\"wp-block-spacer\"><\/div>\n\n\n\n<h1 class=\"wp-block-heading has-text-align-left has-vivid-green-cyan-color has-text-color\"><mark style=\"background-color:rgba(0, 0, 0, 0)\" class=\"has-inline-color has-vivid-green-cyan-color\"><strong>Production d'\u00e9viers et de plans de travail en mat\u00e9riaux composites \u00e9cologiques par la r\u00e9utilisation des chutes et des d\u00e9chets de productionone d'\u00e9viers Delta <\/strong><\/mark><\/h1>\n\n\n\n<p class=\"has-text-align-left\">La production d'\u00e9viers implique la mise en d\u00e9charge de grandes quantit\u00e9s de d\u00e9chets min\u00e9raux contamin\u00e9s par des polym\u00e8res. Ce projet vise \u00e0 d\u00e9montrer que les \u00e9viers en composite min\u00e9ral peuvent \u00eatre produits \u00e0 l'\u00e9chelle pilote et industrielle en r\u00e9utilisant les d\u00e9chets de composites min\u00e9raux acryliques et en produisant ces composites \u00e0 partir de mati\u00e8res premi\u00e8res secondaires. Le processus, qui comprendra de nouveaux produits, devrait confirmer que tous les d\u00e9chets d'\u00e9viers peuvent \u00eatre recycl\u00e9s. Nous ferons la promotion de notre ligne de production de composites VERTS aupr\u00e8s des consommateurs en introduisant une nouvelle gamme de produits sur le march\u00e9.<br><br>Contact pour le projet : Dr. Maria Savina Pianesi e-mail : savina.pianesi@pladostelma.com<\/p>\n\n\n\n<div style=\"height:100px\" aria-hidden=\"true\" class=\"wp-block-spacer\"><\/div>\n\n\n\n<h2 class=\"wp-block-heading has-text-align-left\">Delta pr\u00e9sente le projet Life GREEN COMPOSITE<br>aux 2022 b\u00e9n\u00e9ficiaires du programme LIFE !<\/h2>\n\n\n\n<div style=\"height:20px\" aria-hidden=\"true\" class=\"wp-block-spacer\"><\/div>\n\n\n\n<iframe width=\"560\" height=\"315\" src=\"https:\/\/www.youtube-nocookie.com\/embed\/IuIHMUpYUG8\" title=\"Lecteur vid\u00e9o YouTube\" frameborder=\"0\" allow=\"accelerometer; autoplay; clipboard-write; encrypted-media; gyroscope; picture-in-picture; web-share\" allowfullscreen=\"\"><\/iframe>\n\n\n\n<p>Vous pouvez t\u00e9l\u00e9charger le <a href=\"https:\/\/www.pladostelma.com\/wp-content\/uploads\/LIFE21-WM-LIFE-GREEN-COMPOSITE-CEQL.ppt\" data-type=\"URL\" data-id=\"https:\/\/www.pladostelma.com\/wp-content\/uploads\/LIFE21-WM-LIFE-GREEN-COMPOSITE-CEQL.ppt\" target=\"_blank\" rel=\"noreferrer noopener\">Powerpoint<\/a> de presentazione. <\/p>\n\n\n\n<div style=\"height:100px\" aria-hidden=\"true\" class=\"wp-block-spacer\"><\/div>\n\n\n\n<div class=\"wp-block-uagb-advanced-heading uagb-block-b582142f\"><h2 class=\"uagb-heading-text\"><mark style=\"background-color:rgba(0, 0, 0, 0)\" class=\"has-inline-color has-vivid-green-cyan-color\">Objectif du projet<\/mark><\/h2><p class=\"uagb-desc-text\">Nouveaux composites verts : plan de travail vert et \u00e9vier de cuisine vert<\/p><\/div>\n\n\n\n<p class=\"has-text-align-left\"><strong>Le projet exploitera la symbiose industrielle entre Plados Telma (coordinateur) et Gees Recycling pour produire des \u00e9viers et des plans de travail de cuisine \u00e9cologiques : des composites min\u00e9raux acryliques fabriqu\u00e9s \u00e0 partir de d\u00e9chets de production recycl\u00e9s et suivis dans une cha\u00eene de valeur circulaire reproductible.<\/strong><\/p>\n\n\n\n<div style=\"height:100px\" aria-hidden=\"true\" class=\"wp-block-spacer\"><\/div>\n\n\n\n<div class=\"wp-block-uagb-advanced-heading uagb-block-21881260\"><h2 class=\"uagb-heading-text\">Comment l'objectif du projet sera-t-il atteint ?<\/h2><p class=\"uagb-desc-text\">Broyage des d\u00e9chets et rebuts de l'\u00e9vier composite one et production GREEN<\/p><\/div>\n\n\n\n<p>En utilisant de nouvelles technologies de fraisage et de rev\u00eatement, une nouvelle conception de produit et une pr\u00e9polym\u00e9risation, une nouvelle conception de produit et une pr\u00e9polym\u00e9risation, une r\u00e9utilisation des d\u00e9chets de production de ces puits pour am\u00e9liorer les performances des tops et panneaux en composite recycl\u00e9.<\/p>\n\n\n\n<div style=\"height:50px\" aria-hidden=\"true\" class=\"wp-block-spacer\"><\/div>\n\n\n\n<p class=\"has-text-align-center\">PAQUET DE TRAVAIL d\u00e9fini pour atteindre les objectifs :<\/p>\n\n\n\n<figure class=\"wp-block-table\"><table><tbody><tr><td>Num\u00e9ro du paquet de travail<\/td><td>Nom du paquet de travail<\/td><td class=\"has-text-align-center\" data-align=\"center\">B\u00e9n\u00e9ficiaire principal&nbsp;<\/td><\/tr><tr><td>WP1&nbsp;<\/td><td>Gestion et coordination de projets&nbsp;<\/td><td class=\"has-text-align-center\" data-align=\"center\">1-DELTA SRL<\/td><\/tr><tr><\/tr><tr><td>WP2<\/td><td>R\u00e9cup\u00e9ration de mat\u00e9riaux min\u00e9raux dans les puits de d\u00e9chets et pr\u00e9paration de mati\u00e8res premi\u00e8res secondaires<\/td><td class=\"has-text-align-center\" data-align=\"center\">1 - DELTA SRL<\/td><\/tr><tr><\/tr><tr><\/tr><tr><td>WP3&nbsp;<\/td><td>D\u00e9veloppement de plans de cuisine \u00e9cologiques comprenant des d\u00e9chets d'\u00e9viers Delta r\u00e9cup\u00e9r\u00e9s<\/td><td class=\"has-text-align-center\" data-align=\"center\">2 - GEES&nbsp;<\/td><\/tr><tr><\/tr><tr><td>WP4&nbsp;<\/td><td>D\u00e9veloppement de puits verts : nouvelles formulations, essais de moulage et caract\u00e9risation des produits finis<\/td><td class=\"has-text-align-center\" data-align=\"center\">1 - DELTA SRL<\/td><\/tr><tr><\/tr><tr><\/tr><tr><td>WP5&nbsp;<\/td><td>Communication et diffusion des r\u00e9sultats, mise en r\u00e9seau<\/td><td class=\"has-text-align-center\" data-align=\"center\">1 - DELTA SRL&nbsp;<\/td><\/tr><tr><\/tr><tr><\/tr><tr><\/tr><tr><\/tr><tr><td>WP6&nbsp;<\/td><td>Durabilit\u00e9, reproduction et exploitation des r\u00e9sultats<\/td><td class=\"has-text-align-center\" data-align=\"center\">1 - DELTA SRL&nbsp;<\/td><\/tr><tr><\/tr><tr><\/tr><tr><\/tr><tr><\/tr><tr><\/tr><tr><td>WP7&nbsp;<\/td><td>Indicateurs Performance et suivi et \u00e9valuation de l'impact<\/td><td class=\"has-text-align-center\" data-align=\"center\">1 - DELTA SRL<\/td><\/tr><tr><\/tr><tr><\/tr><tr><\/tr><\/tbody><\/table><\/figure>\n\n\n\n<p>Des essais \u00e0 l'\u00e9chelle pilote et industrielle seront men\u00e9s en r\u00e9cup\u00e9rant des mati\u00e8res min\u00e9rales dans les puits de d\u00e9chets, qui deviendront des mati\u00e8res premi\u00e8res secondaires pour le d\u00e9veloppement de la technologie de l'\u00e9nergie solaire. <strong>comptoirs de cuisine verts<\/strong> e <strong>les puits verts.<\/strong><\/p>\n\n\n\n<div style=\"height:100px\" aria-hidden=\"true\" class=\"wp-block-spacer\"><\/div>\n\n\n\n<h2 class=\"wp-block-heading\">Nouvelles installations industrielles<\/h2>\n\n\n\n<p>Une nouvelle installation de broyage sera mise en place, qui proc\u00e9dera \u00e0 la r\u00e9duction volum\u00e9trique des d\u00e9bris d'\u00e9vier et des d\u00e9chets afin d'obtenir la mati\u00e8re premi\u00e8re secondaire. <br><br>Une usine verte sera install\u00e9e, compos\u00e9e d'un r\u00e9servoir de stockage de la r\u00e9sine de r\u00e9cup\u00e9ration et de r\u00e9acteurs permettant de convertirone la r\u00e9sine de r\u00e9cup\u00e9ration en sirop de r\u00e9cup\u00e9ration.<\/p>\n\n\n\n<div class=\"wp-block-columns is-layout-flex wp-container-core-columns-is-layout-9d6595d7 wp-block-columns-is-layout-flex\">\n<div class=\"wp-block-column is-layout-flow wp-block-column-is-layout-flow\"><div class=\"wp-block-image\">\n<figure class=\"aligncenter size-full is-resized\"><img decoding=\"async\" width=\"856\" height=\"792\" src=\"https:\/\/www.pladostelma.com\/wp-content\/uploads\/foto-r-granulates.jpeg\" alt=\"\" class=\"wp-image-239279\" style=\"width:214px;height:198px\" srcset=\"https:\/\/www.pladostelma.com\/wp-content\/uploads\/foto-r-granulates.jpeg 856w, https:\/\/www.pladostelma.com\/wp-content\/uploads\/foto-r-granulates-300x278.jpeg 300w, https:\/\/www.pladostelma.com\/wp-content\/uploads\/foto-r-granulates-768x711.jpeg 768w, https:\/\/www.pladostelma.com\/wp-content\/uploads\/foto-r-granulates-13x12.jpeg 13w, https:\/\/www.pladostelma.com\/wp-content\/uploads\/foto-r-granulates-600x555.jpeg 600w, https:\/\/www.pladostelma.com\/wp-content\/uploads\/foto-r-granulates-100x93.jpeg 100w\" sizes=\"(max-width: 856px) 100vw, 856px\" \/><\/figure><\/div><\/div>\n\n\n\n<div class=\"wp-block-column is-layout-flow wp-block-column-is-layout-flow\"><div class=\"wp-block-image\">\n<figure class=\"aligncenter size-full is-resized\"><img decoding=\"async\" width=\"840\" height=\"692\" src=\"https:\/\/www.pladostelma.com\/wp-content\/uploads\/foto-r-quartz-non-colorato.jpeg\" alt=\"\" class=\"wp-image-239280\" style=\"width:210px;height:173px\" srcset=\"https:\/\/www.pladostelma.com\/wp-content\/uploads\/foto-r-quartz-non-colorato.jpeg 840w, https:\/\/www.pladostelma.com\/wp-content\/uploads\/foto-r-quartz-non-colorato-300x247.jpeg 300w, https:\/\/www.pladostelma.com\/wp-content\/uploads\/foto-r-quartz-non-colorato-768x633.jpeg 768w, https:\/\/www.pladostelma.com\/wp-content\/uploads\/foto-r-quartz-non-colorato-15x12.jpeg 15w, https:\/\/www.pladostelma.com\/wp-content\/uploads\/foto-r-quartz-non-colorato-600x494.jpeg 600w, https:\/\/www.pladostelma.com\/wp-content\/uploads\/foto-r-quartz-non-colorato-100x82.jpeg 100w\" sizes=\"(max-width: 840px) 100vw, 840px\" \/><\/figure><\/div><\/div>\n\n\n\n<div class=\"wp-block-column is-layout-flow wp-block-column-is-layout-flow\"><div class=\"wp-block-image\">\n<figure class=\"aligncenter size-full is-resized\"><img decoding=\"async\" width=\"840\" height=\"699\" src=\"https:\/\/www.pladostelma.com\/wp-content\/uploads\/foto-R-quartz.jpeg\" alt=\"\" class=\"wp-image-239281\" style=\"width:210px;height:175px\" srcset=\"https:\/\/www.pladostelma.com\/wp-content\/uploads\/foto-R-quartz.jpeg 840w, https:\/\/www.pladostelma.com\/wp-content\/uploads\/foto-R-quartz-300x250.jpeg 300w, https:\/\/www.pladostelma.com\/wp-content\/uploads\/foto-R-quartz-768x639.jpeg 768w, https:\/\/www.pladostelma.com\/wp-content\/uploads\/foto-R-quartz-14x12.jpeg 14w, https:\/\/www.pladostelma.com\/wp-content\/uploads\/foto-R-quartz-600x499.jpeg 600w, https:\/\/www.pladostelma.com\/wp-content\/uploads\/foto-R-quartz-100x83.jpeg 100w\" sizes=\"(max-width: 840px) 100vw, 840px\" \/><\/figure><\/div><\/div>\n<\/div>\n\n\n\n<p>Frais de recouvrement pour les nouvelles dispersions (r-quartz et r-granul\u00e9s)<\/p>\n\n\n\n<div style=\"height:100px\" aria-hidden=\"true\" class=\"wp-block-spacer\"><\/div>\n\n\n\n<h2 class=\"wp-block-heading\">Innovations<\/h2>\n\n\n\n<p class=\"has-text-align-left\">DELTA : Nouvelles formulations avec des mati\u00e8res premi\u00e8res secondaires, obtention de puits verts ;<br>GEES : Nouveaux plans de travail avec des formules VERTES utilisant des mati\u00e8res premi\u00e8res secondaires ;<br>Gees poursuit le recyclage m\u00e9canique des composites \u00e0 haute densit\u00e9. Les premiers essais ont \u00e9t\u00e9 r\u00e9alis\u00e9s sur les composizione :<br>75% de r-granul\u00e9s (puits composites DELTA au sol)<br>- 20% de d\u00e9chets de fibres de verre ;<br>- 5% de l'agent liant.<\/p>\n\n\n\n<div style=\"height:50px\" aria-hidden=\"true\" class=\"wp-block-spacer\"><\/div>\n\n\n\n<p class=\"has-text-align-left\">La densit\u00e9 du premier panneau \u00e9chantillon VERT n\u00b0 1 est de 1250 kg\/m3<\/p>\n\n\n\n<p class=\"has-text-align-left\">Les premiers essais montrent que les composites recycl\u00e9s ont un bon potentiel de comportement au feu. Les premiers champs VERTSone du panneau n\u00b0 1 n'ont montr\u00e9 aucune coulure, aucune post-combustionone et aucune perforationone apr\u00e8s 2 minutes d'alimentationone d'une flamme de propane \u00e0 une distance de 10 cm.<\/p>\n\n\n\n<div class=\"wp-block-columns is-layout-flex wp-container-core-columns-is-layout-9d6595d7 wp-block-columns-is-layout-flex\">\n<div class=\"wp-block-column has-medium-font-size is-layout-flow wp-block-column-is-layout-flow\" style=\"flex-basis:66.66%\"><div class=\"wp-block-image\">\n<figure class=\"aligncenter size-full\"><img decoding=\"async\" width=\"960\" height=\"919\" src=\"https:\/\/www.pladostelma.com\/wp-content\/uploads\/Foto-Pannello-n1-GEES.jpeg\" alt=\"\" class=\"wp-image-239531\" srcset=\"https:\/\/www.pladostelma.com\/wp-content\/uploads\/Foto-Pannello-n1-GEES.jpeg 960w, https:\/\/www.pladostelma.com\/wp-content\/uploads\/Foto-Pannello-n1-GEES-300x287.jpeg 300w, https:\/\/www.pladostelma.com\/wp-content\/uploads\/Foto-Pannello-n1-GEES-768x735.jpeg 768w, https:\/\/www.pladostelma.com\/wp-content\/uploads\/Foto-Pannello-n1-GEES-13x12.jpeg 13w, https:\/\/www.pladostelma.com\/wp-content\/uploads\/Foto-Pannello-n1-GEES-600x574.jpeg 600w, https:\/\/www.pladostelma.com\/wp-content\/uploads\/Foto-Pannello-n1-GEES-100x96.jpeg 100w\" sizes=\"(max-width: 960px) 100vw, 960px\" \/><figcaption class=\"wp-element-caption\">Premi\u00e8re table ronde sur les Gees<\/figcaption><\/figure><\/div><\/div>\n\n\n\n<div class=\"wp-block-column has-medium-font-size is-layout-flow wp-block-column-is-layout-flow\" style=\"flex-basis:33.33%\"><div class=\"wp-block-image\">\n<figure class=\"aligncenter size-full\"><img decoding=\"async\" width=\"612\" height=\"993\" src=\"https:\/\/www.pladostelma.com\/wp-content\/uploads\/LGC-Fire-tests.jpg\" alt=\"\" class=\"wp-image-239529\" srcset=\"https:\/\/www.pladostelma.com\/wp-content\/uploads\/LGC-Fire-tests.jpg 612w, https:\/\/www.pladostelma.com\/wp-content\/uploads\/LGC-Fire-tests-185x300.jpg 185w, https:\/\/www.pladostelma.com\/wp-content\/uploads\/LGC-Fire-tests-7x12.jpg 7w, https:\/\/www.pladostelma.com\/wp-content\/uploads\/LGC-Fire-tests-370x600.jpg 370w, https:\/\/www.pladostelma.com\/wp-content\/uploads\/LGC-Fire-tests-62x100.jpg 62w\" sizes=\"(max-width: 612px) 100vw, 612px\" \/><figcaption class=\"wp-element-caption\">Panneau GEES pendant et apr\u00e8s l'essai au feu<\/figcaption><\/figure><\/div><\/div>\n<\/div>\n\n\n\n<div style=\"height:50px\" aria-hidden=\"true\" class=\"wp-block-spacer\"><\/div>\n\n\n\n<div class=\"wp-block-uagb-advanced-heading uagb-block-6aa5b344\"><h3 class=\"uagb-heading-text\">Impacts<\/h3><\/div>\n\n\n\n<p>Recycler les 100% de d\u00e9chets et de rebuts du groupe Plados Telma pour permettre la productionone et la commercialisationone d'une ligne de production d'\u00e9viers verts enti\u00e8rement fabriqu\u00e9s \u00e0 partir de mat\u00e9riaux recycl\u00e9s. <\/p>\n\n\n\n<p>Lancement sur le march\u00e9 de plans de travail composites de couleur unie et \u00e0 effet granit avec un nouveau produit conceptuelone aux performances am\u00e9lior\u00e9es, fabriqu\u00e9 enti\u00e8rement \u00e0 partir de mat\u00e9riaux recycl\u00e9s.<\/p>\n\n\n\n<p>COMPOSITE VERT LIFE21-ENV-IT-LIFE<\/p>\n\n\n<div class=\"wp-block-image\">\n<figure class=\"alignleft size-full is-resized\"><img decoding=\"async\" width=\"1280\" height=\"853\" src=\"https:\/\/www.pladostelma.com\/wp-content\/uploads\/gruppo_LGC_130323.jpg\" alt=\"\" class=\"wp-image-242219\" style=\"width:640px;height:427px\"\/><figcaption class=\"wp-element-caption\">Delta Management Ltd. du groupe Plados Telma<\/figcaption><\/figure><\/div>\n\n\n<div style=\"height:20px\" aria-hidden=\"true\" class=\"wp-block-spacer\"><\/div>\n\n\n<div class=\"wp-block-image\">\n<figure class=\"alignleft size-full is-resized\"><img decoding=\"async\" width=\"1280\" height=\"751\" src=\"https:\/\/www.pladostelma.com\/wp-content\/uploads\/lgc_montelupone_130323.jpg\" alt=\"\" class=\"wp-image-242220\" style=\"width:640px;height:376px\"\/><figcaption class=\"wp-element-caption\">Team Delta Ltd. du groupe Plados Telma<\/figcaption><\/figure><\/div>\n\n\n<div style=\"height:100px\" aria-hidden=\"true\" class=\"wp-block-spacer\"><\/div>\n\n\n\n<div class=\"wp-block-uagb-advanced-heading uagb-block-8100f112\"><h2 class=\"uagb-heading-text\">Interviews sur la valorisation et l'\u00e9conomie circulaire<\/h2><\/div>\n\n\n\n<p><a href=\"https:\/\/lnkd.in\/dDbmCzzv\">https:\/\/lnkd.in\/dDbmCzzv<\/a><\/p>\n\n\n\n<p><a href=\"https:\/\/lnkd.in\/eMJjijF2\">https:\/\/lnkd.in\/eMJjijF2<\/a><\/p>\n\n\n\n<h2 class=\"wp-block-heading has-text-align-left\">Mat\u00e9riel t\u00e9l\u00e9chargeable<\/h2>\n\n\n\n<p><a href=\"https:\/\/www.pladostelma.com\/wp-content\/uploads\/D6_1_Feasibility_study_on_the_recycling_of_end_of_life_composite_sinks.pdf\">D 6.1 \u00c9tude de faisabilit\u00e9 sur le recyclage des puits composites en fin de vie<\/a><\/p>\n\n\n\n<p><a href=\"https:\/\/www.pladostelma.com\/wp-content\/uploads\/poster_life-3.pdf\" data-type=\"URL\" data-id=\"https:\/\/www.pladostelma.com\/wp-content\/uploads\/poster_life-3.pdf\">Affiche du projet Life Green Composite<\/a><\/p>\n\n\n\n<p><a href=\"https:\/\/www.pladostelma.com\/wp-content\/uploads\/brochure_life-3.pdf\" data-type=\"URL\" data-id=\"https:\/\/www.pladostelma.com\/wp-content\/uploads\/brochure_life-3.pdf\">Brochure du projet Life Green Composite <\/a><\/p>\n\n\n\n<p><a href=\"https:\/\/www.pladostelma.com\/wp-content\/uploads\/LGC_2025_IT_040625.pdf\">Brochure finale<\/a><\/p>\n\n\n\n<p><a href=\"https:\/\/www.pladostelma.com\/wp-content\/uploads\/laymans_report_LGC.pdf\" data-type=\"attachment\" data-id=\"248140\">Rapport du la\u00efc<\/a><\/p>\n\n\n\n<div style=\"height:100px\" aria-hidden=\"true\" class=\"wp-block-spacer\"><\/div>\n\n\n\n<p><\/p>\n\n\n\n<p><\/p>\n\n\n\n<div class=\"wp-block-uagb-tabs uagb-block-aec87765 uagb-tabs__wrap uagb-tabs__vstyle6-desktop uagb-tabs__vstyle6-tablet uagb-tabs__stack1-mobile\" data-tab-active=\"0\"><ul class=\"uagb-tabs__panel uagb-tabs__align-left\" role=\"tablist\"><li class=\"uagb-tab uagb-tabs__active\" role=\"none\"><a href=\"#uagb-tabs__tab0\" class=\"uagb-tabs-list uagb-tabs__icon-position-left\" data-tab=\"0\" role=\"tab\"><div>01 ao\u00fbt 2022<\/div><\/a><\/li><li class=\"uagb-tab\" role=\"none\"><a href=\"#uagb-tabs__tab1\" class=\"uagb-tabs-list uagb-tabs__icon-position-left\" data-tab=\"1\" role=\"tab\"><div>18-21 octobre 2022<\/div><\/a><\/li><li class=\"uagb-tab\" role=\"none\"><a href=\"#uagb-tabs__tab2\" class=\"uagb-tabs-list uagb-tabs__icon-position-left\" data-tab=\"2\" role=\"tab\"><div>10 janvier 2023<\/div><\/a><\/li><li class=\"uagb-tab\" role=\"none\"><a href=\"#uagb-tabs__tab3\" class=\"uagb-tabs-list uagb-tabs__icon-position-left\" data-tab=\"3\" role=\"tab\"><div>07 f\u00e9vrier 2023<\/div><\/a><\/li><li class=\"uagb-tab\" role=\"none\"><a href=\"#uagb-tabs__tab4\" class=\"uagb-tabs-list uagb-tabs__icon-position-left\" data-tab=\"4\" role=\"tab\"><div>16 f\u00e9vrier 2023<\/div><\/a><\/li><li class=\"uagb-tab\" role=\"none\"><a href=\"#uagb-tabs__tab5\" class=\"uagb-tabs-list uagb-tabs__icon-position-left\" data-tab=\"5\" role=\"tab\"><div>15 mars 2023<\/div><\/a><\/li><li class=\"uagb-tab\" role=\"none\"><a href=\"#uagb-tabs__tab6\" class=\"uagb-tabs-list uagb-tabs__icon-position-left\" data-tab=\"6\" role=\"tab\"><div>16 mars 2023<\/div><\/a><\/li><li class=\"uagb-tab\" role=\"none\"><a href=\"#uagb-tabs__tab7\" class=\"uagb-tabs-list uagb-tabs__icon-position-left\" data-tab=\"7\" role=\"tab\"><div>17 mars 2023<\/div><\/a><\/li><li class=\"uagb-tab\" role=\"none\"><a href=\"#uagb-tabs__tab8\" class=\"uagb-tabs-list uagb-tabs__icon-position-left\" data-tab=\"8\" role=\"tab\"><div>23 mars 2023<\/div><\/a><\/li><li class=\"uagb-tab\" role=\"none\"><a href=\"#uagb-tabs__tab9\" class=\"uagb-tabs-list uagb-tabs__icon-position-left\" data-tab=\"9\" role=\"tab\"><div>17 avril 2023<\/div><\/a><\/li><li class=\"uagb-tab\" role=\"none\"><a href=\"#uagb-tabs__tab10\" class=\"uagb-tabs-list uagb-tabs__icon-position-left\" data-tab=\"10\" role=\"tab\"><div>09 mai 2023<\/div><\/a><\/li><li class=\"uagb-tab\" role=\"none\"><a href=\"#uagb-tabs__tab11\" class=\"uagb-tabs-list uagb-tabs__icon-position-left\" data-tab=\"11\" role=\"tab\"><div>01 juin 2023<\/div><\/a><\/li><li class=\"uagb-tab\" role=\"none\"><a href=\"#uagb-tabs__tab12\" class=\"uagb-tabs-list uagb-tabs__icon-position-left\" data-tab=\"12\" role=\"tab\"><div>17 octobre 2023<\/div><\/a><\/li><li class=\"uagb-tab\" role=\"none\"><a href=\"#uagb-tabs__tab13\" class=\"uagb-tabs-list uagb-tabs__icon-position-left\" data-tab=\"13\" role=\"tab\"><div>06 d\u00e9cembre 2023<\/div><\/a><\/li><li class=\"uagb-tab\" role=\"none\"><a href=\"#uagb-tabs__tab14\" class=\"uagb-tabs-list uagb-tabs__icon-position-left\" data-tab=\"14\" role=\"tab\"><div>10 janvier 2024<\/div><\/a><\/li><li class=\"uagb-tab\" role=\"none\"><a href=\"#uagb-tabs__tab15\" class=\"uagb-tabs-list uagb-tabs__icon-position-left\" data-tab=\"15\" role=\"tab\"><div>16 janvier 2024<\/div><\/a><\/li><li class=\"uagb-tab\" role=\"none\"><a href=\"#uagb-tabs__tab16\" class=\"uagb-tabs-list uagb-tabs__icon-position-left\" data-tab=\"16\" role=\"tab\"><div>06 mars 2024<\/div><\/a><\/li><li class=\"uagb-tab\" role=\"none\"><a href=\"#uagb-tabs__tab17\" class=\"uagb-tabs-list uagb-tabs__icon-position-left\" data-tab=\"17\" role=\"tab\"><div>20 mars 2024<\/div><\/a><\/li><li class=\"uagb-tab\" role=\"none\"><a href=\"#uagb-tabs__tab18\" class=\"uagb-tabs-list uagb-tabs__icon-position-left\" data-tab=\"18\" role=\"tab\"><div>22 mars 2024<\/div><\/a><\/li><li class=\"uagb-tab\" role=\"none\"><a href=\"#uagb-tabs__tab19\" class=\"uagb-tabs-list uagb-tabs__icon-position-left\" data-tab=\"19\" role=\"tab\"><div>15 juin 2024<\/div><\/a><\/li><li class=\"uagb-tab\" role=\"none\"><a href=\"#uagb-tabs__tab20\" class=\"uagb-tabs-list uagb-tabs__icon-position-left\" data-tab=\"20\" role=\"tab\"><div>04 septembre 2024<\/div><\/a><\/li><li class=\"uagb-tab\" role=\"none\"><a href=\"#uagb-tabs__tab21\" class=\"uagb-tabs-list uagb-tabs__icon-position-left\" data-tab=\"21\" role=\"tab\"><div>08 octobre 2024<\/div><\/a><\/li><li class=\"uagb-tab\" role=\"none\"><a href=\"#uagb-tabs__tab22\" class=\"uagb-tabs-list uagb-tabs__icon-position-left\" data-tab=\"22\" role=\"tab\"><div>15-18 octobre 2024<\/div><\/a><\/li><li class=\"uagb-tab\" role=\"none\"><a href=\"#uagb-tabs__tab23\" class=\"uagb-tabs-list uagb-tabs__icon-position-left\" data-tab=\"23\" role=\"tab\"><div>06 novembre 2024<\/div><\/a><\/li><li class=\"uagb-tab\" role=\"none\"><a href=\"#uagb-tabs__tab24\" class=\"uagb-tabs-list uagb-tabs__icon-position-left\" data-tab=\"24\" role=\"tab\"><div>10-12 f\u00e9vrier 2025<\/div><\/a><\/li><li class=\"uagb-tab\" role=\"none\"><a href=\"#uagb-tabs__tab25\" class=\"uagb-tabs-list uagb-tabs__icon-position-left\" data-tab=\"25\" role=\"tab\"><div>06 avril 2025<\/div><\/a><\/li><li class=\"uagb-tab\" role=\"none\"><a href=\"#uagb-tabs__tab26\" class=\"uagb-tabs-list uagb-tabs__icon-position-left\" data-tab=\"26\" role=\"tab\"><div>11 avril 2025<\/div><\/a><\/li><li class=\"uagb-tab\" role=\"none\"><a href=\"#uagb-tabs__tab27\" class=\"uagb-tabs-list uagb-tabs__icon-position-left\" data-tab=\"27\" role=\"tab\"><div>12 avril 2025<\/div><\/a><\/li><li class=\"uagb-tab\" role=\"none\"><a href=\"#uagb-tabs__tab28\" class=\"uagb-tabs-list uagb-tabs__icon-position-left\" data-tab=\"28\" role=\"tab\"><div>23 avril 2025<\/div><\/a><\/li><li class=\"uagb-tab\" role=\"none\"><a href=\"#uagb-tabs__tab29\" class=\"uagb-tabs-list uagb-tabs__icon-position-left\" data-tab=\"29\" role=\"tab\"><div>13 mai 2025<\/div><\/a><\/li><li class=\"uagb-tab\" role=\"none\"><a href=\"#uagb-tabs__tab30\" class=\"uagb-tabs-list uagb-tabs__icon-position-left\" data-tab=\"30\" role=\"tab\"><div>26 mai 2025<\/div><\/a><\/li><li class=\"uagb-tab\" role=\"none\"><a href=\"#uagb-tabs__tab31\" class=\"uagb-tabs-list uagb-tabs__icon-position-left\" data-tab=\"31\" role=\"tab\"><div>04 juin 2025<\/div><\/a><\/li><li class=\"uagb-tab\" role=\"none\"><a href=\"#uagb-tabs__tab32\" class=\"uagb-tabs-list uagb-tabs__icon-position-left\" data-tab=\"32\" role=\"tab\"><div>4 juin 2025<\/div><\/a><\/li><li class=\"uagb-tab\" role=\"none\"><a href=\"#uagb-tabs__tab33\" class=\"uagb-tabs-list uagb-tabs__icon-position-left\" data-tab=\"33\" role=\"tab\"><div>20 juin 2025<\/div><\/a><\/li><li class=\"uagb-tab\" role=\"none\"><a href=\"#uagb-tabs__tab34\" class=\"uagb-tabs-list uagb-tabs__icon-position-left\" data-tab=\"34\" role=\"tab\"><div>20 juin 2025<\/div><\/a><\/li><li class=\"uagb-tab\" role=\"none\"><a href=\"#uagb-tabs__tab35\" class=\"uagb-tabs-list uagb-tabs__icon-position-left\" data-tab=\"35\" role=\"tab\"><div>03 juillet 2025<\/div><\/a><\/li><li class=\"uagb-tab\" role=\"none\"><a href=\"#uagb-tabs__tab36\" class=\"uagb-tabs-list uagb-tabs__icon-position-left\" data-tab=\"36\" role=\"tab\"><div>04 juillet 2025<\/div><\/a><\/li><li class=\"uagb-tab\" role=\"none\"><a href=\"#uagb-tabs__tab37\" class=\"uagb-tabs-list uagb-tabs__icon-position-left\" data-tab=\"37\" role=\"tab\"><div>20 juillet 2025<\/div><\/a><\/li><li class=\"uagb-tab\" role=\"none\"><a href=\"#uagb-tabs__tab38\" class=\"uagb-tabs-list uagb-tabs__icon-position-left\" data-tab=\"38\" role=\"tab\"><div>28 juillet 2025<\/div><\/a><\/li><\/ul><div class=\"uagb-tabs__body-wrap\">\n<div class=\"wp-block-uagb-tabs-child uagb-tabs__body-container uagb-inner-tab-0\" aria-labelledby=\"uagb-tabs__tab0\">\n<p>Le projet d\u00e9marre officiellement apr\u00e8s la signature de la convention de subvention par Plados Delta et la Commission europ\u00e9enne \u00e0 la fin du mois de juillet 2022.<\/p>\n<\/div>\n\n\n\n<div class=\"wp-block-uagb-tabs-child uagb-tabs__body-container uagb-inner-tab-1\" aria-labelledby=\"uagb-tabs__tab1\">\n<p>Du 18 au 21 octobre 2022, Plados Telma a particip\u00e9 en tant qu'exposant au salon SICAM \u00e0 Pordenone (Italie).<br>L'\u00e9quipe de LIFE GREEN COMPOSITE a profit\u00e9 de l'occasion one pour pr\u00e9senter au march\u00e9 et \u00e0 ses clients un premier prototype des \u00e9viers verts 100%, de couleur BLANCHE, pas encore esth\u00e9tiquement parfaits, mais fabriqu\u00e9s \u00e0 partir de mati\u00e8res premi\u00e8res recycl\u00e9es, de la r\u00e9sine \u00e0 la charge min\u00e9rale. Ce prototype est l'un des \u00e9viers produits lors des essais de moulage qui ont donn\u00e9 les meilleurs r\u00e9sultats pour les \u00e9viers de cette couleur. Dans les semaines et les mois \u00e0 venir, l'\u00e9quipe du projet s'attachera \u00e0 produire one d'autres couleurs et \u00e0 perfectionner les \u00e9viers blancs. Les visiteurs du stand se sont montr\u00e9s tr\u00e8s int\u00e9ress\u00e9s par la qualit\u00e9 des \u00e9viers fabriqu\u00e9s \u00e0 partir de mat\u00e9riaux recycl\u00e9s, ainsi que par les difficult\u00e9s qu'ils ont rencontr\u00e9es pour les trouver. Ils ont \u00e9galement pos\u00e9 des questions sur les couleurs qui seront disponibles en plus du blanc pr\u00e9sent\u00e9, et \u00e9taient curieux de savoir si le co\u00fbt serait beaucoup plus \u00e9lev\u00e9 que celui des \u00e9viers fabriqu\u00e9s \u00e0 partir de mati\u00e8res premi\u00e8res vierges.<br>D'une part, ce salon confirme la r\u00e9putation d\u00e9sormais acquise par la marque Plados Telma, qui compte des partenaires commerciaux dans 60 pays sur les cinq continents, et d'autre part, il confirme l'int\u00e9r\u00eat du march\u00e9 pour les nouveaux puits verts.<\/p>\n\n\n\n<p>Le salon SICAM de Pordenone (Italie) a accueilli 10 000 entreprises de 120 pays. Le stand de Plados Telma a \u00e9t\u00e9 visit\u00e9 par 2 000 visiteurs, distributeurs d'accessoires de cuisine, fabricants de cuisines, interm\u00e9diaires commerciaux, fournisseurs, designers. 300 nouveaux contacts ont \u00e9t\u00e9 g\u00e9n\u00e9r\u00e9s en provenance d'une trentaine de pays.<\/p>\n\n\n\n<p><\/p>\n\n\n\n<p><\/p>\n\n\n\n<figure class=\"wp-block-image size-large\"><img decoding=\"async\" width=\"1024\" height=\"768\" src=\"https:\/\/www.pladostelma.com\/wp-content\/uploads\/IMG_20221018_091956-1024x768.jpg\" alt=\"\" class=\"wp-image-245417\" srcset=\"https:\/\/www.pladostelma.com\/wp-content\/uploads\/IMG_20221018_091956-1024x768.jpg 1024w, https:\/\/www.pladostelma.com\/wp-content\/uploads\/IMG_20221018_091956-300x225.jpg 300w, https:\/\/www.pladostelma.com\/wp-content\/uploads\/IMG_20221018_091956-768x576.jpg 768w, https:\/\/www.pladostelma.com\/wp-content\/uploads\/IMG_20221018_091956-1536x1152.jpg 1536w, https:\/\/www.pladostelma.com\/wp-content\/uploads\/IMG_20221018_091956-16x12.jpg 16w, https:\/\/www.pladostelma.com\/wp-content\/uploads\/IMG_20221018_091956-600x450.jpg 600w, https:\/\/www.pladostelma.com\/wp-content\/uploads\/IMG_20221018_091956-100x75.jpg 100w, https:\/\/www.pladostelma.com\/wp-content\/uploads\/IMG_20221018_091956.jpg 1600w\" sizes=\"(max-width: 1024px) 100vw, 1024px\" \/><\/figure>\n\n\n\n<figure class=\"wp-block-image size-large\"><img decoding=\"async\" width=\"1024\" height=\"768\" src=\"https:\/\/www.pladostelma.com\/wp-content\/uploads\/IMG_20221018_091833-1024x768.jpg\" alt=\"\" class=\"wp-image-245418\" srcset=\"https:\/\/www.pladostelma.com\/wp-content\/uploads\/IMG_20221018_091833-1024x768.jpg 1024w, https:\/\/www.pladostelma.com\/wp-content\/uploads\/IMG_20221018_091833-300x225.jpg 300w, https:\/\/www.pladostelma.com\/wp-content\/uploads\/IMG_20221018_091833-768x576.jpg 768w, https:\/\/www.pladostelma.com\/wp-content\/uploads\/IMG_20221018_091833-1536x1152.jpg 1536w, https:\/\/www.pladostelma.com\/wp-content\/uploads\/IMG_20221018_091833-16x12.jpg 16w, https:\/\/www.pladostelma.com\/wp-content\/uploads\/IMG_20221018_091833-600x450.jpg 600w, https:\/\/www.pladostelma.com\/wp-content\/uploads\/IMG_20221018_091833-100x75.jpg 100w, https:\/\/www.pladostelma.com\/wp-content\/uploads\/IMG_20221018_091833.jpg 1600w\" sizes=\"(max-width: 1024px) 100vw, 1024px\" \/><\/figure>\n<\/div>\n\n\n\n<div class=\"wp-block-uagb-tabs-child uagb-tabs__body-container uagb-inner-tab-2\" aria-labelledby=\"uagb-tabs__tab2\">\n<p>Pr\u00e9sentation du logo officiel du projet Life Green Composite !<\/p>\n<\/div>\n\n\n\n<div class=\"wp-block-uagb-tabs-child uagb-tabs__body-container uagb-inner-tab-3\" aria-labelledby=\"uagb-tabs__tab3\">\n<p>La brochure du projet Life Green Composite a \u00e9t\u00e9 cr\u00e9\u00e9e. Elle contient une repr\u00e9sentation graphique de la structure du projet qui suit les principes de l'\u00e9conomie circulaire, attirant imm\u00e9diatement l'attentionone.<\/p>\n\n\n\n<div data-wp-interactive=\"core\/file\" class=\"wp-block-file\"><object data-wp-bind--hidden=\"!state.hasPdfPreview\" hidden class=\"wp-block-file__embed\" data=\"https:\/\/www.pladostelma.com\/wp-content\/uploads\/brochure_life_2023.pdf\" type=\"application\/pdf\" style=\"width:100%;height:600px\" aria-label=\"Contenu embarqu\u00e9 brochure_life_2023.\"><\/object><a id=\"wp-block-file--media-37c9e45c-d141-42b6-948e-71d568d77e97\" href=\"https:\/\/www.pladostelma.com\/wp-content\/uploads\/brochure_life_2023.pdf\">brochure_life_2023<\/a><a href=\"https:\/\/www.pladostelma.com\/wp-content\/uploads\/brochure_life_2023.pdf\" class=\"wp-block-file__button wp-element-button\" download aria-describedby=\"wp-block-file--media-37c9e45c-d141-42b6-948e-71d568d77e97\">T\u00e9l\u00e9charger<\/a><\/div>\n<\/div>\n\n\n\n<div class=\"wp-block-uagb-tabs-child uagb-tabs__body-container uagb-inner-tab-4\" aria-labelledby=\"uagb-tabs__tab4\">\n<p>Panneau d'information sur le projet affich\u00e9 \u00e0 l'entr\u00e9e principale des si\u00e8ges de Delta \u00e0 Montecassiano (MC) et Montelupone (MC) et \u00e0 l'entr\u00e9e principale du site GEES \u00e0 Aviano (PN). Le panneau d'affichage pr\u00e9sente les principales informaions du projet dans un graphique visuellement attrayant, qui met l'accent sur la structure d'\u00e9conomie circulaire des activit\u00e9s du projet.<\/p>\n<\/div>\n\n\n\n<div class=\"wp-block-uagb-tabs-child uagb-tabs__body-container uagb-inner-tab-5\" aria-labelledby=\"uagb-tabs__tab5\">\n<p><\/p>\n\n\n\n<h2 class=\"wp-block-heading\"><strong>Picchio News a publi\u00e9 un communiqu\u00e9 de presse sur le projet LIFE GREEN COMPOSITE \"Le groupe Plados-Delta sera la premi\u00e8re entreprise au monde \u00e0 produire une gamme de puits \"verts\"\".<\/strong><\/h2>\n\n\n\n<p><a href=\"https:\/\/picchionews.it\/curiosita\/il-gruppo-plados-delta-sara-la-prima-azienda-al-mondo-a-produrre-una-gamma-di-lavelli-green?fbclid=IwAR0VrM1g-WPRAKN32GUxz8Pd9yJsYf80YQNHBU939x3_Dye3RnTk_LOYGJQ#\">https:\/\/picchionews.it\/curiosita\/il-gruppo-plados-delta-sara-la-prima-azienda-al-mondo-a-produrre-una-gamma-di-lavelli-green?fbclid=IwAR0VrM1g-WPRAKN32GUxz8Pd9yJsYf80YQNHBU939x3_Dye3RnTk_LOYGJQ#<\/a><\/p>\n<\/div>\n\n\n\n<div class=\"wp-block-uagb-tabs-child uagb-tabs__body-container uagb-inner-tab-6\" aria-labelledby=\"uagb-tabs__tab6\">\n<p>Un communiqu\u00e9 de presse sur le projet LIFE GREEN COMPOSITE publi\u00e9 dans Cronache Maceratesi <strong>Le premier \u00e9vier de cuisine \"vert\" est n\u00e9 dans la r\u00e9gion de Macerata.<\/strong><\/p>\n\n\n\n<figure class=\"wp-block-embed is-type-wp-embed is-provider-cronache-maceratesi wp-block-embed-cronache-maceratesi\"><div class=\"wp-block-embed__wrapper\">\n<blockquote class=\"wp-embedded-content\" data-secret=\"wbsIgoxdqQ\"><a href=\"https:\/\/www.cronachemaceratesi.it\/2023\/03\/16\/il-primo-lavandino-da-cucina-green-nasce-nel-maceratese\/1735349\/\">Le premier \u00e9vier de cuisine \"vert\" voit le jour dans la r\u00e9gion de Macerata<\/a><\/blockquote><iframe class=\"wp-embedded-content\" sandbox=\"allow-scripts\" security=\"restricted\" style=\"position: absolute; visibility: hidden;\" title=\"Le premier &eacute;vier de cuisine &quot;vert &lt;br&gt;est n&eacute; dans la r&eacute;gion de Macerata&quot; - Cronache Maceratesi\" src=\"https:\/\/www.cronachemaceratesi.it\/2023\/03\/16\/il-primo-lavandino-da-cucina-green-nasce-nel-maceratese\/1735349\/embed\/#?secret=DArsT61s0D#?secret=wbsIgoxdqQ\" data-secret=\"wbsIgoxdqQ\" width=\"500\" height=\"282\" frameborder=\"0\" marginwidth=\"0\" marginheight=\"0\" scrolling=\"no\"><\/iframe>\n<\/div><\/figure>\n<\/div>\n\n\n\n<div class=\"wp-block-uagb-tabs-child uagb-tabs__body-container uagb-inner-tab-7\" aria-labelledby=\"uagb-tabs__tab7\">\n<p>Lavello Green na\u00eetra dans la r\u00e9gion de Macerata <\/p>\n\n\n\n<p><a href=\"https:\/\/www.marche-manufacturing.it\/it\/blog\/il-gruppo-plados-delta-sempre-pi%C3%B9-green-nasce-rinnova-il-lavello-da-cucina-composto-da-oltre-il\">(\/fr\/blog\/the-group-plados-deltasempre-<br>pi%C3%B9-green-nasce-rinnovail-<br>l'\u00e9vier de cuisine compos\u00e9 au-del\u00e0 de l'\u00e9vier ?<br>multilink=switch)<\/a><\/p>\n\n\n\n<p><\/p>\n<\/div>\n\n\n\n<div class=\"wp-block-uagb-tabs-child uagb-tabs__body-container uagb-inner-tab-8\" aria-labelledby=\"uagb-tabs__tab8\">\n<p>Premi\u00e8re r\u00e9union des observateurs de l'UE \u00e0 Delta Plados.<\/p>\n\n\n\n<figure class=\"wp-block-image size-large\"><img decoding=\"async\" width=\"1024\" height=\"674\" src=\"https:\/\/www.pladostelma.com\/wp-content\/uploads\/Riunione-24-03-23-1024x674.jpeg\" alt=\"\" class=\"wp-image-245170\" srcset=\"https:\/\/www.pladostelma.com\/wp-content\/uploads\/Riunione-24-03-23-1024x674.jpeg 1024w, https:\/\/www.pladostelma.com\/wp-content\/uploads\/Riunione-24-03-23-300x198.jpeg 300w, https:\/\/www.pladostelma.com\/wp-content\/uploads\/Riunione-24-03-23-768x506.jpeg 768w, https:\/\/www.pladostelma.com\/wp-content\/uploads\/Riunione-24-03-23-18x12.jpeg 18w, https:\/\/www.pladostelma.com\/wp-content\/uploads\/Riunione-24-03-23-600x395.jpeg 600w, https:\/\/www.pladostelma.com\/wp-content\/uploads\/Riunione-24-03-23-100x66.jpeg 100w, https:\/\/www.pladostelma.com\/wp-content\/uploads\/Riunione-24-03-23.jpeg 1280w\" sizes=\"(max-width: 1024px) 100vw, 1024px\" \/><\/figure>\n\n\n\n<p><a href=\"https:\/\/www.innoradar.eu\/innovation\/49301\">https:\/\/www.innoradar.eu\/innovation\/49301<\/a><\/p>\n<\/div>\n\n\n\n<div class=\"wp-block-uagb-tabs-child uagb-tabs__body-container uagb-inner-tab-9\" aria-labelledby=\"uagb-tabs__tab9\">\n<p>Visite d'une d\u00e9l\u00e9gation one Delta \u00e0 la soci\u00e9t\u00e9 HP Composites S.p.A. pour une connaissance mutuelle et des synergies entre 2 soci\u00e9t\u00e9s travaillant dans le monde des composites.<\/p>\n\n\n\n<p>Antonio Bugiolacchio, Leonardo Bugiolacchio et Maria Savina Pianesi, de Delta, et Vincenzo Castorani, de HP Composites, \u00e9taient pr\u00e9sents.<\/p>\n\n\n\n<p>Delta a pr\u00e9sent\u00e9 le projet LIFE GREEN COMPOSITE : \u00e9viers et plans de travail de cuisine \u00e9cologiques : exploiter la symbiose industrielle pour produire des composites min\u00e9raux acryliques \u00e0 partir de d\u00e9chets de production recycl\u00e9s et trac\u00e9s dans une cha\u00eene de valeur circulaire reproductible.<\/p>\n\n\n\n<p>Les objectifs du projet ont \u00e9t\u00e9 d\u00e9crits, \u00e0 savoir la fabrication de nouveaux \u00e9viers verts \u00e0 partir de d\u00e9chets de production externes et internes, convenablement broy\u00e9s, enduits et combin\u00e9s avec une nouvelle r\u00e9sine acrylique issue d'un monom\u00e8re converti, ainsi que la fabrication de panneaux de plan de travail aux performances am\u00e9lior\u00e9es gr\u00e2ce au recyclage des d\u00e9chets de production des \u00e9viers.<\/p>\n\n\n\n<p>HP Composites nous a parl\u00e9 des 3 projets dont l'entreprise est actuellement charg\u00e9e.<\/p>\n\n\n\n<p>Le premier mod\u00e8le LIFE CIRCE - CIRcular economy for Carbon Fibre Prepregs (https:\/\/www.life-circe.eu\/) se termine en avril 2023. CIRCE est un projet d'\u00e9conomie circulaire mis en place pour d\u00e9velopper un nouveau syst\u00e8me de valorisation des d\u00e9chets industriels issus des pr\u00e9impr\u00e9gn\u00e9s de fibres de carbone. L'objectif principal est d'\u00e9tablir un mod\u00e8le d'\u00e9conomie circulaire pour les d\u00e9chets non polym\u00e9ris\u00e9s.<\/p>\n\n\n\n<p>Le second projet intitul\u00e9 LIFE VIABLE - Valorizazione of lignin biomass in competitive compones remplace progressivement le BPA dans la formulation des r\u00e9sines \u00e9poxy (<a href=\"https:\/\/www.life-viable.eu\/\">https:\/\/www.life-viable.eu\/<\/a>) a d\u00e9but\u00e9 en 2021 et se terminera en 2025. Le projet vise \u00e0 am\u00e9liorer la durabilit\u00e9 et l'impact environnemental de la production de r\u00e9sines \u00e9poxy en r\u00e9duisant la teneur en BPA dans la formulation des r\u00e9sines \u00e9poxy de 20 \u00e0 50% gr\u00e2ce \u00e0 la biomasse de lignine.<\/p>\n\n\n\n<p>Le troisi\u00e8me et dernier, appel\u00e9 PLOOTO - Passeport de produits par le jumelage de cha\u00eenes de valeur circulaires (<a href=\"https:\/\/cordis.europa.eu\/project\/id\/101092008\">https:\/\/cordis.europa.eu\/project\/id\/101092008<\/a>) vient de commencer et durera jusqu'en 2025. Plooto vise \u00e0 fournir un syst\u00e8me informaatif circulaire et r\u00e9silient (CRIS) pour soutenir les fabricants dans leur transition verte, num\u00e9rique et circulaire. Le CRIS permet la r\u00e9duction des d\u00e9chets et la tra\u00e7abilit\u00e9 de bout en bout des mati\u00e8res premi\u00e8res secondaires (MPS) gr\u00e2ce \u00e0 des services num\u00e9riques interconnect\u00e9s pour la prise de d\u00e9cision en temps r\u00e9el, le suivi et la certification des mat\u00e9riaux et des produits. Il est financ\u00e9 par le programme Horizon Europe.<\/p>\n\n\n\n<p>Les m\u00eames probl\u00e8mes communs sont li\u00e9s aux d\u00e9chets de mat\u00e9riaux, \u00e0 la difficult\u00e9 de r\u00e9cup\u00e9rer ces mat\u00e9riaux h\u00e9t\u00e9rog\u00e8nes et au co\u00fbt \u00e9lev\u00e9 de leur \u00e9limination.<\/p>\n\n\n\n<p>La visite des d\u00e9partements de production, o\u00f9 sont produites les carrosseries des voitures de course et les \u00e9quipements automobiles, a \u00e9t\u00e9 tr\u00e8s int\u00e9ressante.<\/p>\n\n\n\n<p>Nous avons promis de rediscuter pour d\u00e9finir la possibilit\u00e9 de r\u00e9soudre des probl\u00e8mes communs, et comme premi\u00e8re r\u00e9union lors de la r\u00e9union d'avancement du projet MARLIC pr\u00e9vue en juin 2023, o\u00f9 HP est le chef de file de plus de 20 partenaires, Delta pr\u00e9sentera le projet LIFE GREEN COMPOSITE \u00e0 tous.<\/p>\n\n\n\n<figure class=\"wp-block-image size-large\"><img decoding=\"async\" width=\"1024\" height=\"768\" src=\"https:\/\/www.pladostelma.com\/wp-content\/uploads\/hpspa-1024x768.jpg\" alt=\"\" class=\"wp-image-245155\" srcset=\"https:\/\/www.pladostelma.com\/wp-content\/uploads\/hpspa-1024x768.jpg 1024w, https:\/\/www.pladostelma.com\/wp-content\/uploads\/hpspa-300x225.jpg 300w, https:\/\/www.pladostelma.com\/wp-content\/uploads\/hpspa-768x576.jpg 768w, https:\/\/www.pladostelma.com\/wp-content\/uploads\/hpspa-16x12.jpg 16w, https:\/\/www.pladostelma.com\/wp-content\/uploads\/hpspa-600x450.jpg 600w, https:\/\/www.pladostelma.com\/wp-content\/uploads\/hpspa-100x75.jpg 100w, https:\/\/www.pladostelma.com\/wp-content\/uploads\/hpspa.jpg 1280w\" sizes=\"(max-width: 1024px) 100vw, 1024px\" \/><\/figure>\n<\/div>\n\n\n\n<div class=\"wp-block-uagb-tabs-child uagb-tabs__body-container uagb-inner-tab-10\" aria-labelledby=\"uagb-tabs__tab10\">\n<p>Plados Telma a particip\u00e9 en tant qu'exposant au salon Interzum \u00e0 Cologne du 9 au 12 mai 2023.<br>Elle a rencontr\u00e9 et montr\u00e9 \u00e0 ses clients le premier prototype d'\u00e9vier recycl\u00e9 de couleur BLANCHE, issu de l'exp\u00e9rience one financ\u00e9e par le projet LIFE GREEN COMPOSITE. Plados Telma a des partenaires commerciaux dans 60 pays sur 5 continents ; beaucoup d'entre eux ont visit\u00e9 le stand et ont pu toucher le nouveau produit propos\u00e9 sous le nom commercial \"Rinnova\".<\/p>\n\n\n\n<p>Le salon Interzum comptait 1 400 exposants, a accueilli 74 000 visiteurs de 152 pays et disposait d'une surface d'exposition de 190 000 m2. Le stand de Plados Telma a accueilli environ 1 500 visiteurs et a g\u00e9n\u00e9r\u00e9 150 nouveaux contacts en provenance d'une quarantaine de pays. Pendant le salon, l'\u00e9quipe de vente de Plados Telma a rencontr\u00e9 un certain nombre de nouveaux contacts, leur a pr\u00e9sent\u00e9 le projet LIFE GREEN COMPOSITE et leur a remis des d\u00e9pliants sur le projet et de petits \u00e9chantillons de surfaces d'\u00e9vier en blanc et en beige. Sept d\u00e9taillants, grossistes et fabricants de diff\u00e9rents pays (outre l'Europe, le Mexique, la Mongolie, l'Italie et le Royaume-Uni) ont particip\u00e9 \u00e0 la foire,<br>Royaume-Uni et Albanie) se sont montr\u00e9s tr\u00e8s int\u00e9ress\u00e9s et ont demand\u00e9 \u00e0 \u00eatre tenus au courant du d\u00e9veloppement des produits, indiquant leur intentionone d'introduire les nouveaux produits dans leurs catalogues une fois qu'ils seront commercialement disponibles.<\/p>\n\n\n\n<figure class=\"wp-block-image size-large\"><img decoding=\"async\" width=\"1024\" height=\"461\" src=\"https:\/\/www.pladostelma.com\/wp-content\/uploads\/MicrosoftTeams-image-3-1024x461.jpg\" alt=\"\" class=\"wp-image-245343\" srcset=\"https:\/\/www.pladostelma.com\/wp-content\/uploads\/MicrosoftTeams-image-3-1024x461.jpg 1024w, https:\/\/www.pladostelma.com\/wp-content\/uploads\/MicrosoftTeams-image-3-300x135.jpg 300w, https:\/\/www.pladostelma.com\/wp-content\/uploads\/MicrosoftTeams-image-3-768x346.jpg 768w, https:\/\/www.pladostelma.com\/wp-content\/uploads\/MicrosoftTeams-image-3-1536x692.jpg 1536w, https:\/\/www.pladostelma.com\/wp-content\/uploads\/MicrosoftTeams-image-3-18x8.jpg 18w, https:\/\/www.pladostelma.com\/wp-content\/uploads\/MicrosoftTeams-image-3-600x270.jpg 600w, https:\/\/www.pladostelma.com\/wp-content\/uploads\/MicrosoftTeams-image-3-100x45.jpg 100w, https:\/\/www.pladostelma.com\/wp-content\/uploads\/MicrosoftTeams-image-3.jpg 2016w\" sizes=\"(max-width: 1024px) 100vw, 1024px\" \/><\/figure>\n\n\n\n<figure class=\"wp-block-image size-large\"><img decoding=\"async\" width=\"1024\" height=\"576\" src=\"https:\/\/www.pladostelma.com\/wp-content\/uploads\/MicrosoftTeams-image-4-1024x576.jpg\" alt=\"\" class=\"wp-image-245345\" srcset=\"https:\/\/www.pladostelma.com\/wp-content\/uploads\/MicrosoftTeams-image-4-1024x576.jpg 1024w, https:\/\/www.pladostelma.com\/wp-content\/uploads\/MicrosoftTeams-image-4-300x169.jpg 300w, https:\/\/www.pladostelma.com\/wp-content\/uploads\/MicrosoftTeams-image-4-768x432.jpg 768w, https:\/\/www.pladostelma.com\/wp-content\/uploads\/MicrosoftTeams-image-4-1536x864.jpg 1536w, https:\/\/www.pladostelma.com\/wp-content\/uploads\/MicrosoftTeams-image-4-18x10.jpg 18w, https:\/\/www.pladostelma.com\/wp-content\/uploads\/MicrosoftTeams-image-4-600x338.jpg 600w, https:\/\/www.pladostelma.com\/wp-content\/uploads\/MicrosoftTeams-image-4-100x56.jpg 100w, https:\/\/www.pladostelma.com\/wp-content\/uploads\/MicrosoftTeams-image-4.jpg 1600w\" sizes=\"(max-width: 1024px) 100vw, 1024px\" \/><\/figure>\n<\/div>\n\n\n\n<div class=\"wp-block-uagb-tabs-child uagb-tabs__body-container uagb-inner-tab-11\" aria-labelledby=\"uagb-tabs__tab11\">\n<p>A l'issue de la r\u00e9union d'avancementone du projet r\u00e9gional MARLIC (acronyme de Marche Applied Research Laboratory for Innovative Composites), une collaboration r\u00e9gionale plateforma sur les th\u00e8mes de la fabrication durable, de l'\u00e9co-durabilit\u00e9, des proc\u00e9d\u00e9s pour les nouveaux mat\u00e9riaux composites et de la d\u00e9-fabrication, le 01-Juin 2023 Dr. Pianesi, R&amp;D Manager de la soci\u00e9t\u00e9 Delta et chef du projet de d\u00e9-fabrication, a pr\u00e9sent\u00e9 le nouveau projet LIFE GREEN COMPOSITE \u00e0 l'ensemble des partenaires du projet : HP Composite, Simeg Marmi, Simeg Fratelli Marmi et le chef de projet.ssa Pianesi, responsable R&amp;D de la soci\u00e9t\u00e9 Delta et chef du projet de d\u00e9mant\u00e8lement, a pr\u00e9sent\u00e9 le nouveau projet LIFE GREEN COMPOSITE \u00e0 tous les partenaires du projet : HP Composite, Simeg Marmi, Fratelli Guzzini, Simonelli group, Mailas, Eta, et aux entit\u00e9s Universit\u00e0 Politecnica delle Marche, Universit\u00e0 degli studi di Camerino, Universit\u00e0 degli studi di Urbino, CNR, Enea.<br>Le plus grand int\u00e9r\u00eat s'est port\u00e9 sur la possibilit\u00e9 d'utiliser cette r\u00e9cup\u00e9ration composite dans d'autres applications, en particulier dans le monde des structures composites des voitures de course.<\/p>\n\n\n\n<figure class=\"wp-block-image size-large\"><img decoding=\"async\" width=\"1024\" height=\"576\" src=\"https:\/\/www.pladostelma.com\/wp-content\/uploads\/sav1-1024x576.jpeg\" alt=\"\" class=\"wp-image-245411\" srcset=\"https:\/\/www.pladostelma.com\/wp-content\/uploads\/sav1-1024x576.jpeg 1024w, https:\/\/www.pladostelma.com\/wp-content\/uploads\/sav1-300x169.jpeg 300w, https:\/\/www.pladostelma.com\/wp-content\/uploads\/sav1-768x432.jpeg 768w, https:\/\/www.pladostelma.com\/wp-content\/uploads\/sav1-1536x864.jpeg 1536w, https:\/\/www.pladostelma.com\/wp-content\/uploads\/sav1-18x10.jpeg 18w, https:\/\/www.pladostelma.com\/wp-content\/uploads\/sav1-600x337.jpeg 600w, https:\/\/www.pladostelma.com\/wp-content\/uploads\/sav1-100x56.jpeg 100w, https:\/\/www.pladostelma.com\/wp-content\/uploads\/sav1.jpeg 1604w\" sizes=\"(max-width: 1024px) 100vw, 1024px\" \/><\/figure>\n\n\n\n<figure class=\"wp-block-image size-large\"><img decoding=\"async\" width=\"1024\" height=\"538\" src=\"https:\/\/www.pladostelma.com\/wp-content\/uploads\/sav2-1024x538.jpg\" alt=\"\" class=\"wp-image-245414\" srcset=\"https:\/\/www.pladostelma.com\/wp-content\/uploads\/sav2-1024x538.jpg 1024w, https:\/\/www.pladostelma.com\/wp-content\/uploads\/sav2-300x157.jpg 300w, https:\/\/www.pladostelma.com\/wp-content\/uploads\/sav2-768x403.jpg 768w, https:\/\/www.pladostelma.com\/wp-content\/uploads\/sav2-1536x806.jpg 1536w, https:\/\/www.pladostelma.com\/wp-content\/uploads\/sav2-18x9.jpg 18w, https:\/\/www.pladostelma.com\/wp-content\/uploads\/sav2-600x315.jpg 600w, https:\/\/www.pladostelma.com\/wp-content\/uploads\/sav2-100x52.jpg 100w, https:\/\/www.pladostelma.com\/wp-content\/uploads\/sav2.jpg 1604w\" sizes=\"(max-width: 1024px) 100vw, 1024px\" \/><\/figure>\n\n\n\n<figure class=\"wp-block-image size-large\"><img decoding=\"async\" width=\"1024\" height=\"536\" src=\"https:\/\/www.pladostelma.com\/wp-content\/uploads\/sav3-1024x536.jpg\" alt=\"\" class=\"wp-image-245413\" srcset=\"https:\/\/www.pladostelma.com\/wp-content\/uploads\/sav3-1024x536.jpg 1024w, https:\/\/www.pladostelma.com\/wp-content\/uploads\/sav3-300x157.jpg 300w, https:\/\/www.pladostelma.com\/wp-content\/uploads\/sav3-768x402.jpg 768w, https:\/\/www.pladostelma.com\/wp-content\/uploads\/sav3-18x9.jpg 18w, https:\/\/www.pladostelma.com\/wp-content\/uploads\/sav3-600x314.jpg 600w, https:\/\/www.pladostelma.com\/wp-content\/uploads\/sav3-100x52.jpg 100w, https:\/\/www.pladostelma.com\/wp-content\/uploads\/sav3.jpg 1506w\" sizes=\"(max-width: 1024px) 100vw, 1024px\" \/><\/figure>\n\n\n\n<figure class=\"wp-block-image size-large\"><img decoding=\"async\" width=\"1024\" height=\"422\" src=\"https:\/\/www.pladostelma.com\/wp-content\/uploads\/sav4-1024x422.jpg\" alt=\"\" class=\"wp-image-245412\" srcset=\"https:\/\/www.pladostelma.com\/wp-content\/uploads\/sav4-1024x422.jpg 1024w, https:\/\/www.pladostelma.com\/wp-content\/uploads\/sav4-300x124.jpg 300w, https:\/\/www.pladostelma.com\/wp-content\/uploads\/sav4-768x316.jpg 768w, https:\/\/www.pladostelma.com\/wp-content\/uploads\/sav4-18x7.jpg 18w, https:\/\/www.pladostelma.com\/wp-content\/uploads\/sav4-600x247.jpg 600w, https:\/\/www.pladostelma.com\/wp-content\/uploads\/sav4-100x41.jpg 100w, https:\/\/www.pladostelma.com\/wp-content\/uploads\/sav4.jpg 1319w\" sizes=\"(max-width: 1024px) 100vw, 1024px\" \/><\/figure>\n<\/div>\n\n\n\n<div class=\"wp-block-uagb-tabs-child uagb-tabs__body-container uagb-inner-tab-12\" aria-labelledby=\"uagb-tabs__tab12\">\n<p>Au SICAM 2023, le Salon international des compones, accessoires et produits semi-finis pour l'industrie du meuble, vous trouverez toutes les derni\u00e8res nouvelles et tendances du march\u00e9 pour les futures collections de meubles, de cuisines, de salles de bains, de contrats et de design d'int\u00e9rieur. Du 17 au 20 octobre, rinnova le salon international, qui en est \u00e0 sa 14e \u00e9dione avec plus de 18 mille m\u00e8tres carr\u00e9s nets et 650 exposants.<br>Delta du groupe Plados Telma, laur\u00e9at du projet LIFE GREEN COMPOSITE, a pr\u00e9sent\u00e9 les premiers prototypes d'\u00e9viers en blanc, beige et gris. Les prototypes d'\u00e9viers fabriqu\u00e9s \u00e0 partir de mati\u00e8res premi\u00e8res recycl\u00e9es ont connu un succ\u00e8s retentissant. Nous esp\u00e9rons \u00e9tendre ces r\u00e9sultats \u00e0 la production d'une nouvelle gamme verte d\u00e8s que possible.<br>Le salon SICAM a accueilli 650 exposants, 8 900 visiteurs et une surface d'exposition de 18 000 m2.<br>Le stand de Plados Telma \u00e0 l'exposition SICAM 2023 a accueilli environ 1500 visiteurs et a g\u00e9n\u00e9r\u00e9 150 nouveaux contacts provenant d'une quarantaine de pays. Pendant le salon, l'\u00e9quipe commerciale de Plados Telma a rencontr\u00e9 environ 50 clients, leur a pr\u00e9sent\u00e9 le projet LIFE GREEN COMPOSITE et leur a remis des d\u00e9pliants sur le projet et de petits \u00e9chantillons de surfaces d'\u00e9vier en blanc et en beige. Environ 35 clients, dont des clients italiens traditionnels comme ARREDO 3, SCAVOLINI \/ ERNESTO MEDA, CEDI et d'autres clients de divers pays de l'UE et du Moyen-Orient, ont demand\u00e9 \u00e0 \u00eatre inform\u00e9s de l'\u00e9volution des produits et ont indiqu\u00e9 leur intentionone d'inclure les nouveaux produits dans leurs catalogues d\u00e8s qu'ils seront disponibles sur le march\u00e9.<\/p>\n\n\n\n<figure class=\"wp-block-image size-full\"><img decoding=\"async\" width=\"964\" height=\"722\" src=\"https:\/\/www.pladostelma.com\/wp-content\/uploads\/Senza-titolo2.jpg\" alt=\"\" class=\"wp-image-245599\" srcset=\"https:\/\/www.pladostelma.com\/wp-content\/uploads\/Senza-titolo2.jpg 964w, https:\/\/www.pladostelma.com\/wp-content\/uploads\/Senza-titolo2-300x225.jpg 300w, https:\/\/www.pladostelma.com\/wp-content\/uploads\/Senza-titolo2-768x575.jpg 768w, https:\/\/www.pladostelma.com\/wp-content\/uploads\/Senza-titolo2-16x12.jpg 16w, https:\/\/www.pladostelma.com\/wp-content\/uploads\/Senza-titolo2-600x449.jpg 600w, https:\/\/www.pladostelma.com\/wp-content\/uploads\/Senza-titolo2-100x75.jpg 100w\" sizes=\"(max-width: 964px) 100vw, 964px\" \/><\/figure>\n\n\n\n<figure class=\"wp-block-image size-full\"><img decoding=\"async\" width=\"964\" height=\"722\" src=\"https:\/\/www.pladostelma.com\/wp-content\/uploads\/Senza-titolo.jpg\" alt=\"\" class=\"wp-image-245598\" srcset=\"https:\/\/www.pladostelma.com\/wp-content\/uploads\/Senza-titolo.jpg 964w, https:\/\/www.pladostelma.com\/wp-content\/uploads\/Senza-titolo-300x225.jpg 300w, https:\/\/www.pladostelma.com\/wp-content\/uploads\/Senza-titolo-768x575.jpg 768w, https:\/\/www.pladostelma.com\/wp-content\/uploads\/Senza-titolo-16x12.jpg 16w, https:\/\/www.pladostelma.com\/wp-content\/uploads\/Senza-titolo-600x449.jpg 600w, https:\/\/www.pladostelma.com\/wp-content\/uploads\/Senza-titolo-100x75.jpg 100w\" sizes=\"(max-width: 964px) 100vw, 964px\" \/><\/figure>\n<\/div>\n\n\n\n<div class=\"wp-block-uagb-tabs-child uagb-tabs__body-container uagb-inner-tab-13\" aria-labelledby=\"uagb-tabs__tab13\">\n<p>Le nouveau syst\u00e8me Delta de broyage des d\u00e9chets d'\u00e9viers et de la ferraille en mat\u00e9riaux composites a \u00e9t\u00e9 lanc\u00e9. \u00c0 partir d'aujourd'hui, il sera possible de r\u00e9cup\u00e9rer tous les mat\u00e9riaux et de ne plus les envoyer \u00e0 la d\u00e9charge !<\/p>\n\n\n\n<figure class=\"wp-block-image size-large is-resized\"><img decoding=\"async\" width=\"866\" height=\"1024\" src=\"https:\/\/www.pladostelma.com\/wp-content\/uploads\/grinding-866x1024.jpg\" alt=\"\" class=\"wp-image-245642\" style=\"width:436px;height:auto\" srcset=\"https:\/\/www.pladostelma.com\/wp-content\/uploads\/grinding-866x1024.jpg 866w, https:\/\/www.pladostelma.com\/wp-content\/uploads\/grinding-254x300.jpg 254w, https:\/\/www.pladostelma.com\/wp-content\/uploads\/grinding-768x908.jpg 768w, https:\/\/www.pladostelma.com\/wp-content\/uploads\/grinding-10x12.jpg 10w, https:\/\/www.pladostelma.com\/wp-content\/uploads\/grinding-508x600.jpg 508w, https:\/\/www.pladostelma.com\/wp-content\/uploads\/grinding-85x100.jpg 85w, https:\/\/www.pladostelma.com\/wp-content\/uploads\/grinding.jpg 1083w\" sizes=\"(max-width: 866px) 100vw, 866px\" \/><\/figure>\n\n\n\n<p><\/p>\n<\/div>\n\n\n\n<div class=\"wp-block-uagb-tabs-child uagb-tabs__body-container uagb-inner-tab-14\" aria-labelledby=\"uagb-tabs__tab14\">\n<p>Premi\u00e8res photos au microscope \u00e9lectronique de l'\u00e9vier blanc laiteux broy\u00e9 par notre syst\u00e8me frazione r-quartz r-quartz r\u00e9cemment mis en service. Image : photomicrographie du blanc frazione r-quartz de 0,1 mm.<\/p>\n\n\n\n<figure class=\"wp-block-image size-large\"><img decoding=\"async\" width=\"1024\" height=\"768\" src=\"https:\/\/www.pladostelma.com\/wp-content\/uploads\/ems1mm-1024x768.jpeg\" alt=\"\" class=\"wp-image-245644\" srcset=\"https:\/\/www.pladostelma.com\/wp-content\/uploads\/ems1mm-1024x768.jpeg 1024w, https:\/\/www.pladostelma.com\/wp-content\/uploads\/ems1mm-300x225.jpeg 300w, https:\/\/www.pladostelma.com\/wp-content\/uploads\/ems1mm-768x576.jpeg 768w, https:\/\/www.pladostelma.com\/wp-content\/uploads\/ems1mm-1536x1152.jpeg 1536w, https:\/\/www.pladostelma.com\/wp-content\/uploads\/ems1mm-16x12.jpeg 16w, https:\/\/www.pladostelma.com\/wp-content\/uploads\/ems1mm-600x450.jpeg 600w, https:\/\/www.pladostelma.com\/wp-content\/uploads\/ems1mm-100x75.jpeg 100w, https:\/\/www.pladostelma.com\/wp-content\/uploads\/ems1mm.jpeg 1600w\" sizes=\"(max-width: 1024px) 100vw, 1024px\" \/><\/figure>\n\n\n\n<p><\/p>\n<\/div>\n\n\n\n<div class=\"wp-block-uagb-tabs-child uagb-tabs__body-container uagb-inner-tab-15\" aria-labelledby=\"uagb-tabs__tab15\">\n<p>Premiers essais de broyageone de d\u00e9chets et de rejets d'\u00e9viers blancs dans notre nouveau syst\u00e8me de broyageone. Image : Champsone r-quartz en diff\u00e9rentes tailles de grain Delta blanc<\/p>\n\n\n\n<figure class=\"wp-block-image size-large\"><img decoding=\"async\" width=\"1024\" height=\"565\" src=\"https:\/\/www.pladostelma.com\/wp-content\/uploads\/R-granulates-diverse-granulometrie-1024x565.jpeg\" alt=\"\" class=\"wp-image-245643\" srcset=\"https:\/\/www.pladostelma.com\/wp-content\/uploads\/R-granulates-diverse-granulometrie-1024x565.jpeg 1024w, https:\/\/www.pladostelma.com\/wp-content\/uploads\/R-granulates-diverse-granulometrie-300x165.jpeg 300w, https:\/\/www.pladostelma.com\/wp-content\/uploads\/R-granulates-diverse-granulometrie-768x424.jpeg 768w, https:\/\/www.pladostelma.com\/wp-content\/uploads\/R-granulates-diverse-granulometrie-18x10.jpeg 18w, https:\/\/www.pladostelma.com\/wp-content\/uploads\/R-granulates-diverse-granulometrie-600x331.jpeg 600w, https:\/\/www.pladostelma.com\/wp-content\/uploads\/R-granulates-diverse-granulometrie-100x55.jpeg 100w, https:\/\/www.pladostelma.com\/wp-content\/uploads\/R-granulates-diverse-granulometrie.jpeg 1476w\" sizes=\"(max-width: 1024px) 100vw, 1024px\" \/><\/figure>\n\n\n\n<p><\/p>\n<\/div>\n\n\n\n<div class=\"wp-block-uagb-tabs-child uagb-tabs__body-container uagb-inner-tab-16\" aria-labelledby=\"uagb-tabs__tab16\">\n<p>Article \"MARLIC LIFE GREEN COMPOSITE\" du 06\/03\/24 dans l'encart Vert et Bleu du journal \"La Repubblica\".<\/p>\n\n\n\n<p><\/p>\n\n\n\n<figure class=\"wp-block-image size-large\"><img decoding=\"async\" width=\"720\" height=\"1024\" src=\"https:\/\/www.pladostelma.com\/wp-content\/uploads\/Articolo-Repubblica-MarlicLife-6-3-24-720x1024.jpeg\" alt=\"\" class=\"wp-image-245691\" srcset=\"https:\/\/www.pladostelma.com\/wp-content\/uploads\/Articolo-Repubblica-MarlicLife-6-3-24-720x1024.jpeg 720w, https:\/\/www.pladostelma.com\/wp-content\/uploads\/Articolo-Repubblica-MarlicLife-6-3-24-211x300.jpeg 211w, https:\/\/www.pladostelma.com\/wp-content\/uploads\/Articolo-Repubblica-MarlicLife-6-3-24-768x1092.jpeg 768w, https:\/\/www.pladostelma.com\/wp-content\/uploads\/Articolo-Repubblica-MarlicLife-6-3-24-1080x1536.jpeg 1080w, https:\/\/www.pladostelma.com\/wp-content\/uploads\/Articolo-Repubblica-MarlicLife-6-3-24-8x12.jpeg 8w, https:\/\/www.pladostelma.com\/wp-content\/uploads\/Articolo-Repubblica-MarlicLife-6-3-24-422x600.jpeg 422w, https:\/\/www.pladostelma.com\/wp-content\/uploads\/Articolo-Repubblica-MarlicLife-6-3-24-70x100.jpeg 70w, https:\/\/www.pladostelma.com\/wp-content\/uploads\/Articolo-Repubblica-MarlicLife-6-3-24.jpeg 1360w\" sizes=\"(max-width: 720px) 100vw, 720px\" \/><\/figure>\n\n\n\n<figure class=\"wp-block-image size-large\"><img decoding=\"async\" width=\"576\" height=\"1024\" src=\"https:\/\/www.pladostelma.com\/wp-content\/uploads\/Articolo-Repubblica-MarlicLife-6-3-24-dettaglio-Life-576x1024.jpeg\" alt=\"\" class=\"wp-image-245692\" srcset=\"https:\/\/www.pladostelma.com\/wp-content\/uploads\/Articolo-Repubblica-MarlicLife-6-3-24-dettaglio-Life-576x1024.jpeg 576w, https:\/\/www.pladostelma.com\/wp-content\/uploads\/Articolo-Repubblica-MarlicLife-6-3-24-dettaglio-Life-169x300.jpeg 169w, https:\/\/www.pladostelma.com\/wp-content\/uploads\/Articolo-Repubblica-MarlicLife-6-3-24-dettaglio-Life-768x1365.jpeg 768w, https:\/\/www.pladostelma.com\/wp-content\/uploads\/Articolo-Repubblica-MarlicLife-6-3-24-dettaglio-Life-864x1536.jpeg 864w, https:\/\/www.pladostelma.com\/wp-content\/uploads\/Articolo-Repubblica-MarlicLife-6-3-24-dettaglio-Life-7x12.jpeg 7w, https:\/\/www.pladostelma.com\/wp-content\/uploads\/Articolo-Repubblica-MarlicLife-6-3-24-dettaglio-Life-337x600.jpeg 337w, https:\/\/www.pladostelma.com\/wp-content\/uploads\/Articolo-Repubblica-MarlicLife-6-3-24-dettaglio-Life-56x100.jpeg 56w, https:\/\/www.pladostelma.com\/wp-content\/uploads\/Articolo-Repubblica-MarlicLife-6-3-24-dettaglio-Life.jpeg 1112w\" sizes=\"(max-width: 576px) 100vw, 576px\" \/><\/figure>\n<\/div>\n\n\n\n<div class=\"wp-block-uagb-tabs-child uagb-tabs__body-container uagb-inner-tab-17\" aria-labelledby=\"uagb-tabs__tab17\">\n<p>Publication de la vid\u00e9o \"Life Green Composite - Rinnova\" :<\/p>\n\n\n\n<figure class=\"wp-block-video\"><video controls src=\"https:\/\/www.pladostelma.com\/wp-content\/uploads\/REV_05_low.mp4\"><\/video><\/figure>\n<\/div>\n\n\n\n<div class=\"wp-block-uagb-tabs-child uagb-tabs__body-container uagb-inner-tab-18\" aria-labelledby=\"uagb-tabs__tab18\">\n<p>Deuxi\u00e8me r\u00e9union des observateurs de l'UE \u00e0 Delta Plados : les brillants r\u00e9sultats obtenus, l'installation de l'usine verte et de l'usine de broyage ont \u00e9t\u00e9 pr\u00e9sent\u00e9s \u00e0 l'observateur de l'UE et les prochaines \u00e9tapes ont \u00e9t\u00e9 discut\u00e9es.<\/p>\n\n\n\n<figure class=\"wp-block-image size-large is-resized\"><img decoding=\"async\" width=\"1024\" height=\"605\" src=\"https:\/\/www.pladostelma.com\/wp-content\/uploads\/WhatsApp-Image-2024-03-26-at-8.48.03-AM-3-1024x605.jpg\" alt=\"\" class=\"wp-image-245719\" style=\"width:578px;height:auto\" srcset=\"https:\/\/www.pladostelma.com\/wp-content\/uploads\/WhatsApp-Image-2024-03-26-at-8.48.03-AM-3-1024x605.jpg 1024w, https:\/\/www.pladostelma.com\/wp-content\/uploads\/WhatsApp-Image-2024-03-26-at-8.48.03-AM-3-300x177.jpg 300w, https:\/\/www.pladostelma.com\/wp-content\/uploads\/WhatsApp-Image-2024-03-26-at-8.48.03-AM-3-768x454.jpg 768w, https:\/\/www.pladostelma.com\/wp-content\/uploads\/WhatsApp-Image-2024-03-26-at-8.48.03-AM-3-1536x907.jpg 1536w, https:\/\/www.pladostelma.com\/wp-content\/uploads\/WhatsApp-Image-2024-03-26-at-8.48.03-AM-3-18x12.jpg 18w, https:\/\/www.pladostelma.com\/wp-content\/uploads\/WhatsApp-Image-2024-03-26-at-8.48.03-AM-3-600x354.jpg 600w, https:\/\/www.pladostelma.com\/wp-content\/uploads\/WhatsApp-Image-2024-03-26-at-8.48.03-AM-3-100x59.jpg 100w, https:\/\/www.pladostelma.com\/wp-content\/uploads\/WhatsApp-Image-2024-03-26-at-8.48.03-AM-3.jpg 1889w\" sizes=\"(max-width: 1024px) 100vw, 1024px\" \/><\/figure>\n\n\n\n<figure class=\"wp-block-image size-large\"><img decoding=\"async\" width=\"1024\" height=\"675\" src=\"https:\/\/www.pladostelma.com\/wp-content\/uploads\/WhatsApp-Image-2024-03-26-at-8.48.06-AM-1024x675.jpeg\" alt=\"\" class=\"wp-image-245720\" srcset=\"https:\/\/www.pladostelma.com\/wp-content\/uploads\/WhatsApp-Image-2024-03-26-at-8.48.06-AM-1024x675.jpeg 1024w, https:\/\/www.pladostelma.com\/wp-content\/uploads\/WhatsApp-Image-2024-03-26-at-8.48.06-AM-300x198.jpeg 300w, https:\/\/www.pladostelma.com\/wp-content\/uploads\/WhatsApp-Image-2024-03-26-at-8.48.06-AM-768x506.jpeg 768w, https:\/\/www.pladostelma.com\/wp-content\/uploads\/WhatsApp-Image-2024-03-26-at-8.48.06-AM-1536x1013.jpeg 1536w, https:\/\/www.pladostelma.com\/wp-content\/uploads\/WhatsApp-Image-2024-03-26-at-8.48.06-AM-18x12.jpeg 18w, https:\/\/www.pladostelma.com\/wp-content\/uploads\/WhatsApp-Image-2024-03-26-at-8.48.06-AM-600x396.jpeg 600w, https:\/\/www.pladostelma.com\/wp-content\/uploads\/WhatsApp-Image-2024-03-26-at-8.48.06-AM-100x66.jpeg 100w, https:\/\/www.pladostelma.com\/wp-content\/uploads\/WhatsApp-Image-2024-03-26-at-8.48.06-AM.jpeg 2048w\" sizes=\"(max-width: 1024px) 100vw, 1024px\" \/><\/figure>\n\n\n\n<figure class=\"wp-block-image size-large\"><img decoding=\"async\" width=\"1024\" height=\"652\" src=\"https:\/\/www.pladostelma.com\/wp-content\/uploads\/WhatsApp-Image-2024-03-26-at-8.48.04-AM-1024x652.jpeg\" alt=\"\" class=\"wp-image-245721\" srcset=\"https:\/\/www.pladostelma.com\/wp-content\/uploads\/WhatsApp-Image-2024-03-26-at-8.48.04-AM-1024x652.jpeg 1024w, https:\/\/www.pladostelma.com\/wp-content\/uploads\/WhatsApp-Image-2024-03-26-at-8.48.04-AM-300x191.jpeg 300w, https:\/\/www.pladostelma.com\/wp-content\/uploads\/WhatsApp-Image-2024-03-26-at-8.48.04-AM-768x489.jpeg 768w, https:\/\/www.pladostelma.com\/wp-content\/uploads\/WhatsApp-Image-2024-03-26-at-8.48.04-AM-1536x978.jpeg 1536w, https:\/\/www.pladostelma.com\/wp-content\/uploads\/WhatsApp-Image-2024-03-26-at-8.48.04-AM-18x12.jpeg 18w, https:\/\/www.pladostelma.com\/wp-content\/uploads\/WhatsApp-Image-2024-03-26-at-8.48.04-AM-600x382.jpeg 600w, https:\/\/www.pladostelma.com\/wp-content\/uploads\/WhatsApp-Image-2024-03-26-at-8.48.04-AM-100x64.jpeg 100w, https:\/\/www.pladostelma.com\/wp-content\/uploads\/WhatsApp-Image-2024-03-26-at-8.48.04-AM.jpeg 1916w\" sizes=\"(max-width: 1024px) 100vw, 1024px\" \/><\/figure>\n<\/div>\n\n\n\n<div class=\"wp-block-uagb-tabs-child uagb-tabs__body-container uagb-inner-tab-19\" aria-labelledby=\"uagb-tabs__tab19\">\n<p>Le projet LIFE GREEN COMPOSITE a \u00e9t\u00e9 pr\u00e9sent\u00e9 au d\u00e9partement des sciences chimiques du CHIP \u00e0 Camerino lors de la quatri\u00e8me journ\u00e9e de rencontre des dipl\u00f4m\u00e9s en chimie.<\/p>\n\n\n\n<figure class=\"wp-block-gallery has-nested-images columns-default is-cropped wp-block-gallery-1 is-layout-flex wp-block-gallery-is-layout-flex\">\n<figure class=\"wp-block-image size-large\"><img decoding=\"async\" width=\"736\" height=\"1024\" data-id=\"246573\" src=\"https:\/\/www.pladostelma.com\/wp-content\/uploads\/1Locandina-UNICAM-736x1024.jpg\" alt=\"\" class=\"wp-image-246573\" srcset=\"https:\/\/www.pladostelma.com\/wp-content\/uploads\/1Locandina-UNICAM-736x1024.jpg 736w, https:\/\/www.pladostelma.com\/wp-content\/uploads\/1Locandina-UNICAM-216x300.jpg 216w, https:\/\/www.pladostelma.com\/wp-content\/uploads\/1Locandina-UNICAM-768x1069.jpg 768w, https:\/\/www.pladostelma.com\/wp-content\/uploads\/1Locandina-UNICAM-9x12.jpg 9w, https:\/\/www.pladostelma.com\/wp-content\/uploads\/1Locandina-UNICAM-431x600.jpg 431w, https:\/\/www.pladostelma.com\/wp-content\/uploads\/1Locandina-UNICAM-72x100.jpg 72w, https:\/\/www.pladostelma.com\/wp-content\/uploads\/1Locandina-UNICAM.jpg 920w\" sizes=\"(max-width: 736px) 100vw, 736px\" \/><\/figure>\n\n\n\n<figure class=\"wp-block-image size-large\"><img decoding=\"async\" width=\"1024\" height=\"701\" data-id=\"246574\" src=\"https:\/\/www.pladostelma.com\/wp-content\/uploads\/2_IMG-20240615-WA0010-1024x701.jpg\" alt=\"\" class=\"wp-image-246574\" srcset=\"https:\/\/www.pladostelma.com\/wp-content\/uploads\/2_IMG-20240615-WA0010-1024x701.jpg 1024w, https:\/\/www.pladostelma.com\/wp-content\/uploads\/2_IMG-20240615-WA0010-300x205.jpg 300w, https:\/\/www.pladostelma.com\/wp-content\/uploads\/2_IMG-20240615-WA0010-768x526.jpg 768w, https:\/\/www.pladostelma.com\/wp-content\/uploads\/2_IMG-20240615-WA0010-18x12.jpg 18w, https:\/\/www.pladostelma.com\/wp-content\/uploads\/2_IMG-20240615-WA0010-600x411.jpg 600w, https:\/\/www.pladostelma.com\/wp-content\/uploads\/2_IMG-20240615-WA0010-100x68.jpg 100w, https:\/\/www.pladostelma.com\/wp-content\/uploads\/2_IMG-20240615-WA0010.jpg 1280w\" sizes=\"(max-width: 1024px) 100vw, 1024px\" \/><\/figure>\n\n\n\n<figure class=\"wp-block-image size-large\"><img decoding=\"async\" width=\"1024\" height=\"768\" data-id=\"246575\" src=\"https:\/\/www.pladostelma.com\/wp-content\/uploads\/3IMG-20240615-WA0074-1024x768.jpg\" alt=\"\" class=\"wp-image-246575\" srcset=\"https:\/\/www.pladostelma.com\/wp-content\/uploads\/3IMG-20240615-WA0074-1024x768.jpg 1024w, https:\/\/www.pladostelma.com\/wp-content\/uploads\/3IMG-20240615-WA0074-300x225.jpg 300w, https:\/\/www.pladostelma.com\/wp-content\/uploads\/3IMG-20240615-WA0074-768x576.jpg 768w, https:\/\/www.pladostelma.com\/wp-content\/uploads\/3IMG-20240615-WA0074-16x12.jpg 16w, https:\/\/www.pladostelma.com\/wp-content\/uploads\/3IMG-20240615-WA0074-600x450.jpg 600w, https:\/\/www.pladostelma.com\/wp-content\/uploads\/3IMG-20240615-WA0074-100x75.jpg 100w, https:\/\/www.pladostelma.com\/wp-content\/uploads\/3IMG-20240615-WA0074.jpg 1280w\" sizes=\"(max-width: 1024px) 100vw, 1024px\" \/><\/figure>\n\n\n\n<figure class=\"wp-block-image size-large\"><img decoding=\"async\" width=\"1024\" height=\"768\" data-id=\"246576\" src=\"https:\/\/www.pladostelma.com\/wp-content\/uploads\/4IMG-20240615-WA0076-1024x768.jpg\" alt=\"\" class=\"wp-image-246576\" srcset=\"https:\/\/www.pladostelma.com\/wp-content\/uploads\/4IMG-20240615-WA0076-1024x768.jpg 1024w, https:\/\/www.pladostelma.com\/wp-content\/uploads\/4IMG-20240615-WA0076-300x225.jpg 300w, https:\/\/www.pladostelma.com\/wp-content\/uploads\/4IMG-20240615-WA0076-768x576.jpg 768w, https:\/\/www.pladostelma.com\/wp-content\/uploads\/4IMG-20240615-WA0076-16x12.jpg 16w, https:\/\/www.pladostelma.com\/wp-content\/uploads\/4IMG-20240615-WA0076-600x450.jpg 600w, https:\/\/www.pladostelma.com\/wp-content\/uploads\/4IMG-20240615-WA0076-100x75.jpg 100w, https:\/\/www.pladostelma.com\/wp-content\/uploads\/4IMG-20240615-WA0076.jpg 1280w\" sizes=\"(max-width: 1024px) 100vw, 1024px\" \/><\/figure>\n\n\n\n<figure class=\"wp-block-image size-large\"><img decoding=\"async\" width=\"768\" height=\"1024\" data-id=\"246577\" src=\"https:\/\/www.pladostelma.com\/wp-content\/uploads\/520240615_103609-768x1024.jpg\" alt=\"\" class=\"wp-image-246577\" srcset=\"https:\/\/www.pladostelma.com\/wp-content\/uploads\/520240615_103609-768x1024.jpg 768w, https:\/\/www.pladostelma.com\/wp-content\/uploads\/520240615_103609-225x300.jpg 225w, https:\/\/www.pladostelma.com\/wp-content\/uploads\/520240615_103609-9x12.jpg 9w, https:\/\/www.pladostelma.com\/wp-content\/uploads\/520240615_103609-450x600.jpg 450w, https:\/\/www.pladostelma.com\/wp-content\/uploads\/520240615_103609-75x100.jpg 75w, https:\/\/www.pladostelma.com\/wp-content\/uploads\/520240615_103609.jpg 960w\" sizes=\"(max-width: 768px) 100vw, 768px\" \/><\/figure>\n\n\n\n<figure class=\"wp-block-image size-large\"><img decoding=\"async\" width=\"768\" height=\"1024\" data-id=\"246578\" src=\"https:\/\/www.pladostelma.com\/wp-content\/uploads\/620240615_094013.jpg\" alt=\"\" class=\"wp-image-246578\" srcset=\"https:\/\/www.pladostelma.com\/wp-content\/uploads\/620240615_094013.jpg 768w, https:\/\/www.pladostelma.com\/wp-content\/uploads\/620240615_094013-225x300.jpg 225w, https:\/\/www.pladostelma.com\/wp-content\/uploads\/620240615_094013-9x12.jpg 9w, https:\/\/www.pladostelma.com\/wp-content\/uploads\/620240615_094013-450x600.jpg 450w, https:\/\/www.pladostelma.com\/wp-content\/uploads\/620240615_094013-75x100.jpg 75w\" sizes=\"(max-width: 768px) 100vw, 768px\" \/><\/figure>\n<\/figure>\n<\/div>\n\n\n\n<div class=\"wp-block-uagb-tabs-child uagb-tabs__body-container uagb-inner-tab-20\" aria-labelledby=\"uagb-tabs__tab20\">\n<p>Delta S.r.l. du groupe Plados Telma pr\u00e9pare le s\u00e9minaire du projet europ\u00e9en LIFE GREEN COMPOSITE qui se tiendra le matin du mardi 8 octobre 2024, \u00e0 partir de 9 h 15, dans la salle de presse du ChIP de l'Universit\u00e9 de Camerino.<br>Des professionnels et des experts participeront et pr\u00e9senteront leur exp\u00e9rience et les r\u00e9sultats du projet afin de stimuler un dialogue avec le monde industriel actif dans le secteur des composites et sur le th\u00e8me de la r\u00e9cup\u00e9ration verte. Le programme de la matin\u00e9e est joint.<\/p>\n\n\n\n<figure class=\"wp-block-image size-large\"><img decoding=\"async\" width=\"724\" height=\"1024\" src=\"https:\/\/www.pladostelma.com\/wp-content\/uploads\/locandina_A3_300924-724x1024.jpg\" alt=\"S\u00e9minaire L&#039;\u00e9conomie circulaire pour un composite \u00e9cologique 2024\" class=\"wp-image-247090\" srcset=\"https:\/\/www.pladostelma.com\/wp-content\/uploads\/locandina_A3_300924-724x1024.jpg 724w, https:\/\/www.pladostelma.com\/wp-content\/uploads\/locandina_A3_300924-212x300.jpg 212w, https:\/\/www.pladostelma.com\/wp-content\/uploads\/locandina_A3_300924-768x1086.jpg 768w, https:\/\/www.pladostelma.com\/wp-content\/uploads\/locandina_A3_300924-1086x1536.jpg 1086w, https:\/\/www.pladostelma.com\/wp-content\/uploads\/locandina_A3_300924-8x12.jpg 8w, https:\/\/www.pladostelma.com\/wp-content\/uploads\/locandina_A3_300924-424x600.jpg 424w, https:\/\/www.pladostelma.com\/wp-content\/uploads\/locandina_A3_300924-71x100.jpg 71w, https:\/\/www.pladostelma.com\/wp-content\/uploads\/locandina_A3_300924.jpg 1191w\" sizes=\"(max-width: 724px) 100vw, 724px\" \/><\/figure>\n<\/div>\n\n\n\n<div class=\"wp-block-uagb-tabs-child uagb-tabs__body-container uagb-inner-tab-21\" aria-labelledby=\"uagb-tabs__tab21\">\n<p>Le s\u00e9minaire du projet LIFE GREEN COMPOSITE, organis\u00e9 par Delta Plados Telma et Gees Recycling, \u00e0 l'Universit\u00e9 de Camerino UNICAM Chip a \u00e9t\u00e9 l'occasion de comparer et de discuter des approches de la durabilit\u00e9 dans le domaine des mat\u00e9riaux composites.&nbsp;<\/p>\n\n\n\n<p>Des id\u00e9es int\u00e9ressantes et des exp\u00e9riences complexes ont \u00e9t\u00e9 partag\u00e9es pour atteindre un r\u00e9sultat commun : la r\u00e9duction des d\u00e9chets mis en d\u00e9charge. Nous tenons \u00e0 remercier tous les intervenants pour leurs pr\u00e9cieuses contributions et tous les invit\u00e9s qui ont pris la parole.<\/p>\n\n\n\n<figure class=\"wp-block-gallery has-nested-images columns-default is-cropped wp-block-gallery-2 is-layout-flex wp-block-gallery-is-layout-flex\">\n<figure class=\"wp-block-image size-large\"><img decoding=\"async\" width=\"1015\" height=\"1024\" data-id=\"247100\" src=\"https:\/\/www.pladostelma.com\/wp-content\/uploads\/3-13-1015x1024.jpg\" alt=\"\" class=\"wp-image-247100\" srcset=\"https:\/\/www.pladostelma.com\/wp-content\/uploads\/3-13-1015x1024.jpg 1015w, https:\/\/www.pladostelma.com\/wp-content\/uploads\/3-13-297x300.jpg 297w, https:\/\/www.pladostelma.com\/wp-content\/uploads\/3-13-150x150.jpg 150w, https:\/\/www.pladostelma.com\/wp-content\/uploads\/3-13-768x775.jpg 768w, https:\/\/www.pladostelma.com\/wp-content\/uploads\/3-13-1522x1536.jpg 1522w, https:\/\/www.pladostelma.com\/wp-content\/uploads\/3-13-12x12.jpg 12w, https:\/\/www.pladostelma.com\/wp-content\/uploads\/3-13-594x600.jpg 594w, https:\/\/www.pladostelma.com\/wp-content\/uploads\/3-13-100x100.jpg 100w, https:\/\/www.pladostelma.com\/wp-content\/uploads\/3-13-50x50.jpg 50w, https:\/\/www.pladostelma.com\/wp-content\/uploads\/3-13.jpg 2029w\" sizes=\"(max-width: 1015px) 100vw, 1015px\" \/><\/figure>\n\n\n\n<figure class=\"wp-block-image size-large\"><img decoding=\"async\" width=\"1500\" height=\"2000\" data-id=\"247101\" src=\"https:\/\/www.pladostelma.com\/wp-content\/uploads\/4-768x1024.jpg\" alt=\"Intervenant au s\u00e9minaire sur l&#039;\u00e9conomie circulaire\" class=\"wp-image-247101\" srcset=\"https:\/\/www.pladostelma.com\/wp-content\/uploads\/4-768x1024.jpg 768w, https:\/\/www.pladostelma.com\/wp-content\/uploads\/4-225x300.jpg 225w, https:\/\/www.pladostelma.com\/wp-content\/uploads\/4-1152x1536.jpg 1152w, https:\/\/www.pladostelma.com\/wp-content\/uploads\/4-9x12.jpg 9w, https:\/\/www.pladostelma.com\/wp-content\/uploads\/4-450x600.jpg 450w, https:\/\/www.pladostelma.com\/wp-content\/uploads\/4-75x100.jpg 75w, https:\/\/www.pladostelma.com\/wp-content\/uploads\/4.jpg 1500w\" sizes=\"(max-width: 1500px) 100vw, 1500px\" \/><\/figure>\n\n\n\n<figure class=\"wp-block-image size-large\"><img decoding=\"async\" width=\"1024\" height=\"768\" data-id=\"247097\" src=\"https:\/\/www.pladostelma.com\/wp-content\/uploads\/5-1024x768.jpg\" alt=\"S\u00e9minaire sur les composites respectueux de l&#039;environnement et l&#039;\u00e9conomie circulaire.\" class=\"wp-image-247097\" srcset=\"https:\/\/www.pladostelma.com\/wp-content\/uploads\/5-1024x768.jpg 1024w, https:\/\/www.pladostelma.com\/wp-content\/uploads\/5-300x225.jpg 300w, https:\/\/www.pladostelma.com\/wp-content\/uploads\/5-768x576.jpg 768w, https:\/\/www.pladostelma.com\/wp-content\/uploads\/5-1536x1152.jpg 1536w, https:\/\/www.pladostelma.com\/wp-content\/uploads\/5-16x12.jpg 16w, https:\/\/www.pladostelma.com\/wp-content\/uploads\/5-600x450.jpg 600w, https:\/\/www.pladostelma.com\/wp-content\/uploads\/5-100x75.jpg 100w, https:\/\/www.pladostelma.com\/wp-content\/uploads\/5.jpg 2000w\" sizes=\"(max-width: 1024px) 100vw, 1024px\" \/><\/figure>\n\n\n\n<figure class=\"wp-block-image size-large\"><img decoding=\"async\" width=\"1024\" height=\"768\" data-id=\"247096\" src=\"https:\/\/www.pladostelma.com\/wp-content\/uploads\/7-1024x768.jpg\" alt=\"Exposition de l&#039;\u00e9vier r-Quartz beige \u00e9cologique\" class=\"wp-image-247096\" srcset=\"https:\/\/www.pladostelma.com\/wp-content\/uploads\/7-1024x768.jpg 1024w, https:\/\/www.pladostelma.com\/wp-content\/uploads\/7-300x225.jpg 300w, https:\/\/www.pladostelma.com\/wp-content\/uploads\/7-768x576.jpg 768w, https:\/\/www.pladostelma.com\/wp-content\/uploads\/7-1536x1152.jpg 1536w, https:\/\/www.pladostelma.com\/wp-content\/uploads\/7-16x12.jpg 16w, https:\/\/www.pladostelma.com\/wp-content\/uploads\/7-600x450.jpg 600w, https:\/\/www.pladostelma.com\/wp-content\/uploads\/7-100x75.jpg 100w, https:\/\/www.pladostelma.com\/wp-content\/uploads\/7.jpg 2000w\" sizes=\"(max-width: 1024px) 100vw, 1024px\" \/><\/figure>\n\n\n\n<figure class=\"wp-block-image size-large\"><img decoding=\"async\" width=\"2000\" height=\"1500\" data-id=\"247102\" src=\"https:\/\/www.pladostelma.com\/wp-content\/uploads\/8-1024x768.jpg\" alt=\"Table de conf\u00e9rence avec le drapeau du projet europ\u00e9en Life.\" class=\"wp-image-247102\" srcset=\"https:\/\/www.pladostelma.com\/wp-content\/uploads\/8-1024x768.jpg 1024w, https:\/\/www.pladostelma.com\/wp-content\/uploads\/8-300x225.jpg 300w, https:\/\/www.pladostelma.com\/wp-content\/uploads\/8-768x576.jpg 768w, https:\/\/www.pladostelma.com\/wp-content\/uploads\/8-1536x1152.jpg 1536w, https:\/\/www.pladostelma.com\/wp-content\/uploads\/8-16x12.jpg 16w, https:\/\/www.pladostelma.com\/wp-content\/uploads\/8-600x450.jpg 600w, https:\/\/www.pladostelma.com\/wp-content\/uploads\/8-100x75.jpg 100w, https:\/\/www.pladostelma.com\/wp-content\/uploads\/8.jpg 2000w\" sizes=\"(max-width: 2000px) 100vw, 2000px\" \/><\/figure>\n\n\n\n<figure class=\"wp-block-image size-large\"><img decoding=\"async\" width=\"1024\" height=\"768\" data-id=\"247095\" src=\"https:\/\/www.pladostelma.com\/wp-content\/uploads\/6-1024x768.jpg\" alt=\"Mat\u00e9riaux recycl\u00e9s pour des composites respectueux de l&#039;environnement, s\u00e9minaire d&#039;exposition\" class=\"wp-image-247095\" srcset=\"https:\/\/www.pladostelma.com\/wp-content\/uploads\/6-1024x768.jpg 1024w, https:\/\/www.pladostelma.com\/wp-content\/uploads\/6-300x225.jpg 300w, https:\/\/www.pladostelma.com\/wp-content\/uploads\/6-768x576.jpg 768w, https:\/\/www.pladostelma.com\/wp-content\/uploads\/6-1536x1152.jpg 1536w, https:\/\/www.pladostelma.com\/wp-content\/uploads\/6-16x12.jpg 16w, https:\/\/www.pladostelma.com\/wp-content\/uploads\/6-600x450.jpg 600w, https:\/\/www.pladostelma.com\/wp-content\/uploads\/6-100x75.jpg 100w, https:\/\/www.pladostelma.com\/wp-content\/uploads\/6.jpg 2000w\" sizes=\"(max-width: 1024px) 100vw, 1024px\" \/><\/figure>\n\n\n\n<figure class=\"wp-block-image size-large\"><img decoding=\"async\" width=\"1024\" height=\"922\" data-id=\"247098\" src=\"https:\/\/www.pladostelma.com\/wp-content\/uploads\/2-14-1024x922.jpg\" alt=\"\" class=\"wp-image-247098\" srcset=\"https:\/\/www.pladostelma.com\/wp-content\/uploads\/2-14-1024x922.jpg 1024w, https:\/\/www.pladostelma.com\/wp-content\/uploads\/2-14-300x270.jpg 300w, https:\/\/www.pladostelma.com\/wp-content\/uploads\/2-14-768x692.jpg 768w, https:\/\/www.pladostelma.com\/wp-content\/uploads\/2-14-13x12.jpg 13w, https:\/\/www.pladostelma.com\/wp-content\/uploads\/2-14-600x540.jpg 600w, https:\/\/www.pladostelma.com\/wp-content\/uploads\/2-14-100x90.jpg 100w, https:\/\/www.pladostelma.com\/wp-content\/uploads\/2-14.jpg 1370w\" sizes=\"(max-width: 1024px) 100vw, 1024px\" \/><\/figure>\n\n\n\n<figure class=\"wp-block-image size-large\"><img decoding=\"async\" width=\"1024\" height=\"673\" data-id=\"247099\" src=\"https:\/\/www.pladostelma.com\/wp-content\/uploads\/1-27-1024x673.jpg\" alt=\"Groupe de persone lors d&#039;un s\u00e9minaire sur l&#039;\u00e9conomie circulaire.\" class=\"wp-image-247099\" srcset=\"https:\/\/www.pladostelma.com\/wp-content\/uploads\/1-27-1024x673.jpg 1024w, https:\/\/www.pladostelma.com\/wp-content\/uploads\/1-27-300x197.jpg 300w, https:\/\/www.pladostelma.com\/wp-content\/uploads\/1-27-768x505.jpg 768w, https:\/\/www.pladostelma.com\/wp-content\/uploads\/1-27-1536x1010.jpg 1536w, https:\/\/www.pladostelma.com\/wp-content\/uploads\/1-27-18x12.jpg 18w, https:\/\/www.pladostelma.com\/wp-content\/uploads\/1-27-600x394.jpg 600w, https:\/\/www.pladostelma.com\/wp-content\/uploads\/1-27-100x66.jpg 100w, https:\/\/www.pladostelma.com\/wp-content\/uploads\/1-27.jpg 1704w\" sizes=\"(max-width: 1024px) 100vw, 1024px\" \/><\/figure>\n<\/figure>\n<\/div>\n\n\n\n<div class=\"wp-block-uagb-tabs-child uagb-tabs__body-container uagb-inner-tab-22\" aria-labelledby=\"uagb-tabs__tab22\">\n<p>Expositionone des produits au salon SICAM \u00e0 Pordenone et int\u00e9r\u00eat incroyable des clients pour les mat\u00e9riaux \u00e9tudi\u00e9s dans le cadre du projet LIFE GREEN COMPOSITE.<\/p>\n\n\n\n<figure class=\"wp-block-image size-large\"><img decoding=\"async\" width=\"768\" height=\"1024\" src=\"https:\/\/www.pladostelma.com\/wp-content\/uploads\/1-28-768x1024.jpg\" alt=\"Stand d&#039;exposition de cuisine avec \u00e9viers modernes\" class=\"wp-image-247132\" srcset=\"https:\/\/www.pladostelma.com\/wp-content\/uploads\/1-28-768x1024.jpg 768w, https:\/\/www.pladostelma.com\/wp-content\/uploads\/1-28-225x300.jpg 225w, https:\/\/www.pladostelma.com\/wp-content\/uploads\/1-28-1152x1536.jpg 1152w, https:\/\/www.pladostelma.com\/wp-content\/uploads\/1-28-9x12.jpg 9w, https:\/\/www.pladostelma.com\/wp-content\/uploads\/1-28-450x600.jpg 450w, https:\/\/www.pladostelma.com\/wp-content\/uploads\/1-28-75x100.jpg 75w, https:\/\/www.pladostelma.com\/wp-content\/uploads\/1-28.jpg 1200w\" sizes=\"(max-width: 768px) 100vw, 768px\" \/><\/figure>\n\n\n\n<figure class=\"wp-block-image size-large\"><img decoding=\"async\" width=\"781\" height=\"1024\" src=\"https:\/\/www.pladostelma.com\/wp-content\/uploads\/2-15-781x1024.jpg\" alt=\"Discuterone dans la salle d&#039;exposition des cuisines avec \u00e9vier.\" class=\"wp-image-247133\" srcset=\"https:\/\/www.pladostelma.com\/wp-content\/uploads\/2-15-781x1024.jpg 781w, https:\/\/www.pladostelma.com\/wp-content\/uploads\/2-15-229x300.jpg 229w, https:\/\/www.pladostelma.com\/wp-content\/uploads\/2-15-768x1007.jpg 768w, https:\/\/www.pladostelma.com\/wp-content\/uploads\/2-15-9x12.jpg 9w, https:\/\/www.pladostelma.com\/wp-content\/uploads\/2-15-457x600.jpg 457w, https:\/\/www.pladostelma.com\/wp-content\/uploads\/2-15-76x100.jpg 76w, https:\/\/www.pladostelma.com\/wp-content\/uploads\/2-15.jpg 1024w\" sizes=\"(max-width: 781px) 100vw, 781px\" \/><\/figure>\n<\/div>\n\n\n\n<div class=\"wp-block-uagb-tabs-child uagb-tabs__body-container uagb-inner-tab-23\" aria-labelledby=\"uagb-tabs__tab23\">\n<p>Le 6 novembre 2024, le projet LIFE GREEN COMPOSITE a \u00e9t\u00e9 pr\u00e9sent\u00e9 \u00e0 Ecomondo par Delta srl du groupe Plados Telma, avec comme intervenants Maria Savina Pianesi et Giorgio Betteto de GEES RECYCLING. Dans la salle Mimosa de la section ECOMONDO \"Soutenir la transition des zones industrielles et brunes italiennes vers des parcs \u00e9co-industriels et la mise en \u0153uvre de la symbiose industrielle en tant qu'outil de gestion de routine pour les entreprises\", Delta a d\u00e9crit la transition verte et la symbiose industrielle en tant qu'outil de gestion de routine pour les entreprises. Delta a d\u00e9crit la transition verte et la symbiose industrielle qui ont lieu entre Gees et Delta. Le public nombreux a assist\u00e9 et suivi le s\u00e9minaire avec attention, en demandant des pr\u00e9cisions et en posant des questions.<\/p>\n\n\n\n<figure class=\"wp-block-gallery has-nested-images columns-default is-cropped wp-block-gallery-3 is-layout-flex wp-block-gallery-is-layout-flex\">\n<figure class=\"wp-block-image size-large\"><img decoding=\"async\" width=\"1024\" height=\"768\" data-id=\"247152\" src=\"https:\/\/www.pladostelma.com\/wp-content\/uploads\/ecomondo1-1024x768.jpeg\" alt=\"Les drapeaux flottent \u00e0 l&#039;ext\u00e9rieur du centre d&#039;exposition.\" class=\"wp-image-247152\" srcset=\"https:\/\/www.pladostelma.com\/wp-content\/uploads\/ecomondo1-1024x768.jpeg 1024w, https:\/\/www.pladostelma.com\/wp-content\/uploads\/ecomondo1-300x225.jpeg 300w, https:\/\/www.pladostelma.com\/wp-content\/uploads\/ecomondo1-768x576.jpeg 768w, https:\/\/www.pladostelma.com\/wp-content\/uploads\/ecomondo1-16x12.jpeg 16w, https:\/\/www.pladostelma.com\/wp-content\/uploads\/ecomondo1-600x450.jpeg 600w, https:\/\/www.pladostelma.com\/wp-content\/uploads\/ecomondo1-100x75.jpeg 100w, https:\/\/www.pladostelma.com\/wp-content\/uploads\/ecomondo1.jpeg 1280w\" sizes=\"(max-width: 1024px) 100vw, 1024px\" \/><\/figure>\n\n\n\n<figure class=\"wp-block-image size-large\"><img decoding=\"async\" width=\"768\" height=\"1024\" data-id=\"247151\" src=\"https:\/\/www.pladostelma.com\/wp-content\/uploads\/ecomondo2-768x1024.jpeg\" alt=\"Conf\u00e9rence Ecomondo 2024, Sala Mimosa, Rimini Italie\" class=\"wp-image-247151\" srcset=\"https:\/\/www.pladostelma.com\/wp-content\/uploads\/ecomondo2-768x1024.jpeg 768w, https:\/\/www.pladostelma.com\/wp-content\/uploads\/ecomondo2-225x300.jpeg 225w, https:\/\/www.pladostelma.com\/wp-content\/uploads\/ecomondo2-9x12.jpeg 9w, https:\/\/www.pladostelma.com\/wp-content\/uploads\/ecomondo2-450x600.jpeg 450w, https:\/\/www.pladostelma.com\/wp-content\/uploads\/ecomondo2-75x100.jpeg 75w, https:\/\/www.pladostelma.com\/wp-content\/uploads\/ecomondo2.jpeg 960w\" sizes=\"(max-width: 768px) 100vw, 768px\" \/><\/figure>\n\n\n\n<figure class=\"wp-block-image size-large\"><img decoding=\"async\" width=\"1024\" height=\"854\" data-id=\"247150\" src=\"https:\/\/www.pladostelma.com\/wp-content\/uploads\/ecomondo3-1024x854.jpeg\" alt=\"\" class=\"wp-image-247150\" srcset=\"https:\/\/www.pladostelma.com\/wp-content\/uploads\/ecomondo3-1024x854.jpeg 1024w, https:\/\/www.pladostelma.com\/wp-content\/uploads\/ecomondo3-300x250.jpeg 300w, https:\/\/www.pladostelma.com\/wp-content\/uploads\/ecomondo3-768x640.jpeg 768w, https:\/\/www.pladostelma.com\/wp-content\/uploads\/ecomondo3-14x12.jpeg 14w, https:\/\/www.pladostelma.com\/wp-content\/uploads\/ecomondo3-600x500.jpeg 600w, https:\/\/www.pladostelma.com\/wp-content\/uploads\/ecomondo3-100x83.jpeg 100w, https:\/\/www.pladostelma.com\/wp-content\/uploads\/ecomondo3.jpeg 1280w\" sizes=\"(max-width: 1024px) 100vw, 1024px\" \/><\/figure>\n<\/figure>\n<\/div>\n\n\n\n<div class=\"wp-block-uagb-tabs-child uagb-tabs__body-container uagb-inner-tab-24\" aria-labelledby=\"uagb-tabs__tab24\">\n<p>CINEA a invit\u00e9 Delta \u00e0 la r\u00e9union de la plateforme LIFE sur la pr\u00e9vention des d\u00e9chets plastiquesone et les syst\u00e8mes de r\u00e9utilisation, organis\u00e9e par le projet LIFE-IP belge C-MARTLIFE.<\/p>\n\n\n\n<p>Delta a pr\u00e9sent\u00e9 le poster du projet LIFE GREEN COMPOSITE. Int\u00e9ressante synergie entre les diff\u00e9rents projets rencontr\u00e9s avec Life green composite men\u00e9 par Delta Plados et le partenaire strat\u00e9gique Gees Recycling du 10 au 12 f\u00e9vrier 2025 \u00e0 Bruxelles.<\/p>\n\n\n\n<figure class=\"wp-block-gallery has-nested-images columns-default is-cropped wp-block-gallery-4 is-layout-flex wp-block-gallery-is-layout-flex\">\n<figure class=\"wp-block-image size-large\"><img decoding=\"async\" width=\"1024\" height=\"694\" data-id=\"247894\" src=\"https:\/\/www.pladostelma.com\/wp-content\/uploads\/1-29-1024x694.jpg\" alt=\"Vue enneig\u00e9e depuis un b\u00e2timent moderne en verre.\" class=\"wp-image-247894\" srcset=\"https:\/\/www.pladostelma.com\/wp-content\/uploads\/1-29-1024x694.jpg 1024w, https:\/\/www.pladostelma.com\/wp-content\/uploads\/1-29-300x203.jpg 300w, https:\/\/www.pladostelma.com\/wp-content\/uploads\/1-29-768x520.jpg 768w, https:\/\/www.pladostelma.com\/wp-content\/uploads\/1-29-1536x1040.jpg 1536w, https:\/\/www.pladostelma.com\/wp-content\/uploads\/1-29-18x12.jpg 18w, https:\/\/www.pladostelma.com\/wp-content\/uploads\/1-29-600x406.jpg 600w, https:\/\/www.pladostelma.com\/wp-content\/uploads\/1-29-100x68.jpg 100w, https:\/\/www.pladostelma.com\/wp-content\/uploads\/1-29.jpg 1850w\" sizes=\"(max-width: 1024px) 100vw, 1024px\" \/><\/figure>\n\n\n\n<figure class=\"wp-block-image size-large\"><img decoding=\"async\" width=\"768\" height=\"1024\" data-id=\"247891\" src=\"https:\/\/www.pladostelma.com\/wp-content\/uploads\/2-16-768x1024.jpg\" alt=\"\" class=\"wp-image-247891\" srcset=\"https:\/\/www.pladostelma.com\/wp-content\/uploads\/2-16-768x1024.jpg 768w, https:\/\/www.pladostelma.com\/wp-content\/uploads\/2-16-225x300.jpg 225w, https:\/\/www.pladostelma.com\/wp-content\/uploads\/2-16-1152x1536.jpg 1152w, https:\/\/www.pladostelma.com\/wp-content\/uploads\/2-16-9x12.jpg 9w, https:\/\/www.pladostelma.com\/wp-content\/uploads\/2-16-450x600.jpg 450w, https:\/\/www.pladostelma.com\/wp-content\/uploads\/2-16-75x100.jpg 75w, https:\/\/www.pladostelma.com\/wp-content\/uploads\/2-16.jpg 1200w\" sizes=\"(max-width: 768px) 100vw, 768px\" \/><\/figure>\n\n\n\n<figure class=\"wp-block-image size-large\"><img decoding=\"async\" width=\"1024\" height=\"768\" data-id=\"247892\" src=\"https:\/\/www.pladostelma.com\/wp-content\/uploads\/3-14-1024x768.jpg\" alt=\"Persone observe les feuilles accroch\u00e9es au mur en riunione.\" class=\"wp-image-247892\" srcset=\"https:\/\/www.pladostelma.com\/wp-content\/uploads\/3-14-1024x768.jpg 1024w, https:\/\/www.pladostelma.com\/wp-content\/uploads\/3-14-300x225.jpg 300w, https:\/\/www.pladostelma.com\/wp-content\/uploads\/3-14-768x576.jpg 768w, https:\/\/www.pladostelma.com\/wp-content\/uploads\/3-14-1536x1152.jpg 1536w, https:\/\/www.pladostelma.com\/wp-content\/uploads\/3-14-16x12.jpg 16w, https:\/\/www.pladostelma.com\/wp-content\/uploads\/3-14-600x450.jpg 600w, https:\/\/www.pladostelma.com\/wp-content\/uploads\/3-14-100x75.jpg 100w, https:\/\/www.pladostelma.com\/wp-content\/uploads\/3-14.jpg 1600w\" sizes=\"(max-width: 1024px) 100vw, 1024px\" \/><\/figure>\n\n\n\n<figure class=\"wp-block-image size-large\"><img decoding=\"async\" width=\"768\" height=\"1024\" data-id=\"247895\" src=\"https:\/\/www.pladostelma.com\/wp-content\/uploads\/4-1-768x1024.jpg\" alt=\"\" class=\"wp-image-247895\" srcset=\"https:\/\/www.pladostelma.com\/wp-content\/uploads\/4-1-768x1024.jpg 768w, https:\/\/www.pladostelma.com\/wp-content\/uploads\/4-1-225x300.jpg 225w, https:\/\/www.pladostelma.com\/wp-content\/uploads\/4-1-1152x1536.jpg 1152w, https:\/\/www.pladostelma.com\/wp-content\/uploads\/4-1-9x12.jpg 9w, https:\/\/www.pladostelma.com\/wp-content\/uploads\/4-1-450x600.jpg 450w, https:\/\/www.pladostelma.com\/wp-content\/uploads\/4-1-75x100.jpg 75w, https:\/\/www.pladostelma.com\/wp-content\/uploads\/4-1.jpg 1200w\" sizes=\"(max-width: 768px) 100vw, 768px\" \/><\/figure>\n\n\n\n<figure class=\"wp-block-image size-large\"><img decoding=\"async\" width=\"1024\" height=\"768\" data-id=\"247893\" src=\"https:\/\/www.pladostelma.com\/wp-content\/uploads\/5-1-1024x768.jpg\" alt=\"Persone socialiser dans un environnement industriel.\" class=\"wp-image-247893\" srcset=\"https:\/\/www.pladostelma.com\/wp-content\/uploads\/5-1-1024x768.jpg 1024w, https:\/\/www.pladostelma.com\/wp-content\/uploads\/5-1-300x225.jpg 300w, https:\/\/www.pladostelma.com\/wp-content\/uploads\/5-1-768x576.jpg 768w, https:\/\/www.pladostelma.com\/wp-content\/uploads\/5-1-1536x1152.jpg 1536w, https:\/\/www.pladostelma.com\/wp-content\/uploads\/5-1-16x12.jpg 16w, https:\/\/www.pladostelma.com\/wp-content\/uploads\/5-1-600x450.jpg 600w, https:\/\/www.pladostelma.com\/wp-content\/uploads\/5-1-100x75.jpg 100w, https:\/\/www.pladostelma.com\/wp-content\/uploads\/5-1.jpg 1600w\" sizes=\"(max-width: 1024px) 100vw, 1024px\" \/><\/figure>\n<\/figure>\n<\/div>\n\n\n\n<div class=\"wp-block-uagb-tabs-child uagb-tabs__body-container uagb-inner-tab-25\" aria-labelledby=\"uagb-tabs__tab25\">\n<p>Le projet LIFE GREEN COMPOSITE, en collaboration avec Materially, participera \u00e0 l'\u00e9v\u00e9nement.&nbsp;<em>L'\u00e9chelle de l'engagement<\/em>une initiative qui renforce l'engagement concret des producteurs de mat\u00e9riaux&nbsp;<\/p>\n\n\n\n<p>en cherchant \u00e0 obtenir des r\u00e9sultats mesurables en termes de r\u00e9duction de l'impact environnementalone et d'am\u00e9lioration de la performance.<\/p>\n\n\n\n<p>Nous serons heureux de vous accueillir au spazio \u00e0 Superstudio Pi\u00f9, via Tortona 27 - 20144 Milan. L'\u00e9v\u00e9nement sera ouvert au public du 6 au 13 avril 2025, \u00e0 l'occasion de la @Milano Design Week.<\/p>\n\n\n\n<p>La communication de Delta, qui fait partie du groupe Plados Telma et de Gees Recycling - partenaires du projet - sera enti\u00e8rement consacr\u00e9e \u00e0 LIFE GREEN COMPOSITE.&nbsp;<\/p>\n\n\n\n<p>En d\u00e9monstrationone : \u00e9chantillons de d\u00e9bris d'\u00e9vier et d'un \u00e9vier&nbsp;<em>vert<\/em>&nbsp;de la ligne RINNOVA, dans la finition raffin\u00e9e Arctic White.<\/p>\n\n\n\n<figure class=\"wp-block-gallery has-nested-images columns-default is-cropped wp-block-gallery-5 is-layout-flex wp-block-gallery-is-layout-flex\">\n<figure class=\"wp-block-image size-large\"><img decoding=\"async\" width=\"915\" height=\"850\" data-id=\"247921\" src=\"https:\/\/www.pladostelma.com\/wp-content\/uploads\/Sfrido-piletta-lavello.png\" alt=\"Couvercle rond en blanc cartone sur fond gris.\" class=\"wp-image-247921\" srcset=\"https:\/\/www.pladostelma.com\/wp-content\/uploads\/Sfrido-piletta-lavello.png 915w, https:\/\/www.pladostelma.com\/wp-content\/uploads\/Sfrido-piletta-lavello-300x279.png 300w, https:\/\/www.pladostelma.com\/wp-content\/uploads\/Sfrido-piletta-lavello-768x713.png 768w, https:\/\/www.pladostelma.com\/wp-content\/uploads\/Sfrido-piletta-lavello-13x12.png 13w, https:\/\/www.pladostelma.com\/wp-content\/uploads\/Sfrido-piletta-lavello-600x557.png 600w, https:\/\/www.pladostelma.com\/wp-content\/uploads\/Sfrido-piletta-lavello-100x93.png 100w\" sizes=\"(max-width: 915px) 100vw, 915px\" \/><\/figure>\n\n\n\n<figure class=\"wp-block-image size-large\"><img decoding=\"async\" width=\"642\" height=\"850\" data-id=\"247919\" src=\"https:\/\/www.pladostelma.com\/wp-content\/uploads\/Pezzo-lavello-RINNOVA.jpg\" alt=\"\" class=\"wp-image-247919\" srcset=\"https:\/\/www.pladostelma.com\/wp-content\/uploads\/Pezzo-lavello-RINNOVA.jpg 642w, https:\/\/www.pladostelma.com\/wp-content\/uploads\/Pezzo-lavello-RINNOVA-227x300.jpg 227w, https:\/\/www.pladostelma.com\/wp-content\/uploads\/Pezzo-lavello-RINNOVA-9x12.jpg 9w, https:\/\/www.pladostelma.com\/wp-content\/uploads\/Pezzo-lavello-RINNOVA-453x600.jpg 453w, https:\/\/www.pladostelma.com\/wp-content\/uploads\/Pezzo-lavello-RINNOVA-76x100.jpg 76w\" sizes=\"(max-width: 642px) 100vw, 642px\" \/><\/figure>\n\n\n\n<figure class=\"wp-block-image size-large\"><img decoding=\"async\" width=\"1024\" height=\"445\" data-id=\"247920\" src=\"https:\/\/www.pladostelma.com\/wp-content\/uploads\/r-granulates-BIANCO-1024x445.jpg\" alt=\"Bo\u00eetes de granul\u00e9s noirs et blancs, marque Life\" class=\"wp-image-247920\" srcset=\"https:\/\/www.pladostelma.com\/wp-content\/uploads\/r-granulates-BIANCO-1024x445.jpg 1024w, https:\/\/www.pladostelma.com\/wp-content\/uploads\/r-granulates-BIANCO-300x130.jpg 300w, https:\/\/www.pladostelma.com\/wp-content\/uploads\/r-granulates-BIANCO-768x334.jpg 768w, https:\/\/www.pladostelma.com\/wp-content\/uploads\/r-granulates-BIANCO-18x8.jpg 18w, https:\/\/www.pladostelma.com\/wp-content\/uploads\/r-granulates-BIANCO-600x261.jpg 600w, https:\/\/www.pladostelma.com\/wp-content\/uploads\/r-granulates-BIANCO-100x43.jpg 100w, https:\/\/www.pladostelma.com\/wp-content\/uploads\/r-granulates-BIANCO.jpg 1305w\" sizes=\"(max-width: 1024px) 100vw, 1024px\" \/><\/figure>\n<\/figure>\n<\/div>\n\n\n\n<div class=\"wp-block-uagb-tabs-child uagb-tabs__body-container uagb-inner-tab-26\" aria-labelledby=\"uagb-tabs__tab26\">\n<p>Publicationone d'un article sur le projet Life Green Composite sur le portail polimerica.it<\/p>\n\n\n\n<p><a href=\"https:\/\/www.polimerica.it\/articolo.asp?id=33696\">https:\/\/www.polimerica.it\/articolo.asp?id=33696<\/a><\/p>\n\n\n\n<p><\/p>\n<\/div>\n\n\n\n<div class=\"wp-block-uagb-tabs-child uagb-tabs__body-container uagb-inner-tab-27\" aria-labelledby=\"uagb-tabs__tab27\">\n<p>LIFE GREEN COMPOSITE, un projet de symbiose industrielle entre Delta du groupe Plados Telma et Gees Recycling est pr\u00e9sent \u00e0 la Semaine du design de Milan !<\/p>\n\n\n\n<figure class=\"wp-block-gallery has-nested-images columns-default is-cropped wp-block-gallery-6 is-layout-flex wp-block-gallery-is-layout-flex\">\n<figure class=\"wp-block-image size-large\"><img decoding=\"async\" width=\"1024\" height=\"921\" data-id=\"247939\" src=\"https:\/\/www.pladostelma.com\/wp-content\/uploads\/PXL_20250412_133037744-1024x921.jpg\" alt=\"Persone assis autour d&#039;une table incurv\u00e9e dans un pr\u00e9sentoir.\" class=\"wp-image-247939\" srcset=\"https:\/\/www.pladostelma.com\/wp-content\/uploads\/PXL_20250412_133037744-1024x921.jpg 1024w, https:\/\/www.pladostelma.com\/wp-content\/uploads\/PXL_20250412_133037744-300x270.jpg 300w, https:\/\/www.pladostelma.com\/wp-content\/uploads\/PXL_20250412_133037744-768x691.jpg 768w, https:\/\/www.pladostelma.com\/wp-content\/uploads\/PXL_20250412_133037744-1536x1381.jpg 1536w, https:\/\/www.pladostelma.com\/wp-content\/uploads\/PXL_20250412_133037744-2048x1841.jpg 2048w, https:\/\/www.pladostelma.com\/wp-content\/uploads\/PXL_20250412_133037744-13x12.jpg 13w, https:\/\/www.pladostelma.com\/wp-content\/uploads\/PXL_20250412_133037744-600x539.jpg 600w, https:\/\/www.pladostelma.com\/wp-content\/uploads\/PXL_20250412_133037744-100x90.jpg 100w\" sizes=\"(max-width: 1024px) 100vw, 1024px\" \/><\/figure>\n\n\n\n<figure class=\"wp-block-image size-large\"><img decoding=\"async\" width=\"962\" height=\"1024\" data-id=\"247941\" src=\"https:\/\/www.pladostelma.com\/wp-content\/uploads\/PXL_20250412_134038640-962x1024.jpg\" alt=\"\u00c9chantillons de mat\u00e9riaux recycl\u00e9s pour les surfaces solides et les granul\u00e9s.\" class=\"wp-image-247941\" srcset=\"https:\/\/www.pladostelma.com\/wp-content\/uploads\/PXL_20250412_134038640-962x1024.jpg 962w, https:\/\/www.pladostelma.com\/wp-content\/uploads\/PXL_20250412_134038640-282x300.jpg 282w, https:\/\/www.pladostelma.com\/wp-content\/uploads\/PXL_20250412_134038640-768x817.jpg 768w, https:\/\/www.pladostelma.com\/wp-content\/uploads\/PXL_20250412_134038640-1443x1536.jpg 1443w, https:\/\/www.pladostelma.com\/wp-content\/uploads\/PXL_20250412_134038640-11x12.jpg 11w, https:\/\/www.pladostelma.com\/wp-content\/uploads\/PXL_20250412_134038640-564x600.jpg 564w, https:\/\/www.pladostelma.com\/wp-content\/uploads\/PXL_20250412_134038640-94x100.jpg 94w, https:\/\/www.pladostelma.com\/wp-content\/uploads\/PXL_20250412_134038640.jpg 1776w\" sizes=\"(max-width: 962px) 100vw, 962px\" \/><\/figure>\n\n\n\n<figure class=\"wp-block-image size-large\"><img decoding=\"async\" width=\"771\" height=\"1024\" data-id=\"247940\" src=\"https:\/\/www.pladostelma.com\/wp-content\/uploads\/PXL_20250412_134050726-771x1024.jpg\" alt=\"Expositionone mat\u00e9riau composite recycl\u00e9 et durable.\" class=\"wp-image-247940\" srcset=\"https:\/\/www.pladostelma.com\/wp-content\/uploads\/PXL_20250412_134050726-771x1024.jpg 771w, https:\/\/www.pladostelma.com\/wp-content\/uploads\/PXL_20250412_134050726-226x300.jpg 226w, https:\/\/www.pladostelma.com\/wp-content\/uploads\/PXL_20250412_134050726-768x1020.jpg 768w, https:\/\/www.pladostelma.com\/wp-content\/uploads\/PXL_20250412_134050726-1156x1536.jpg 1156w, https:\/\/www.pladostelma.com\/wp-content\/uploads\/PXL_20250412_134050726-9x12.jpg 9w, https:\/\/www.pladostelma.com\/wp-content\/uploads\/PXL_20250412_134050726-452x600.jpg 452w, https:\/\/www.pladostelma.com\/wp-content\/uploads\/PXL_20250412_134050726-75x100.jpg 75w, https:\/\/www.pladostelma.com\/wp-content\/uploads\/PXL_20250412_134050726.jpg 1423w\" sizes=\"(max-width: 771px) 100vw, 771px\" \/><\/figure>\n\n\n\n<figure class=\"wp-block-image size-large\"><img decoding=\"async\" width=\"883\" height=\"756\" data-id=\"247938\" src=\"https:\/\/www.pladostelma.com\/wp-content\/uploads\/PXL_20250412_133037743.png\" alt=\"Mat\u00e9riau composite durable avec un contenu recycl\u00e9 am\u00e9lior\u00e9.\" class=\"wp-image-247938\" srcset=\"https:\/\/www.pladostelma.com\/wp-content\/uploads\/PXL_20250412_133037743.png 883w, https:\/\/www.pladostelma.com\/wp-content\/uploads\/PXL_20250412_133037743-300x257.png 300w, https:\/\/www.pladostelma.com\/wp-content\/uploads\/PXL_20250412_133037743-768x658.png 768w, https:\/\/www.pladostelma.com\/wp-content\/uploads\/PXL_20250412_133037743-14x12.png 14w, https:\/\/www.pladostelma.com\/wp-content\/uploads\/PXL_20250412_133037743-600x514.png 600w, https:\/\/www.pladostelma.com\/wp-content\/uploads\/PXL_20250412_133037743-100x86.png 100w\" sizes=\"(max-width: 883px) 100vw, 883px\" \/><\/figure>\n<\/figure>\n<\/div>\n\n\n\n<div class=\"wp-block-uagb-tabs-child uagb-tabs__body-container uagb-inner-tab-28\" aria-labelledby=\"uagb-tabs__tab28\">\n<p>Nous avons le plaisir de vous annoncer que les r\u00e9sultats du projet LIFE GREEN COMPOSITE ont \u00e9t\u00e9 publi\u00e9s sur le site du Minist\u00e8re de l'Environnement et de la S\u00e9curit\u00e9 \u00e9nerg\u00e9tique. Dans la sectionone consacr\u00e9e aux nouvelles 2025, vous trouverez un aper\u00e7u approfondi des progr\u00e8s et des innovations r\u00e9alis\u00e9s par notre projet dans le cadre du programme LIFE. Notre engagement en faveur d'une \u00e9conomie circulaire et durable a \u00e9t\u00e9 reconnu \u00e0 l'\u00e9chelle nationale, et nous sommes ravis de partager ces r\u00e9alisations avec vous.<\/p>\n\n\n\n<p><a href=\"https:\/\/www.mase.gov.it\/pagina\/notizie-life-2025\">https:\/\/www.mase.gov.it\/pagina\/notizie-life-2025<\/a><\/p>\n\n\n\n<p><\/p>\n<\/div>\n\n\n\n<div class=\"wp-block-uagb-tabs-child uagb-tabs__body-container uagb-inner-tab-29\" aria-labelledby=\"uagb-tabs__tab29\">\n<p>Delta a \u00e9t\u00e9 invit\u00e9e au stand de CINEA lors de la Semaine verte pour pr\u00e9senter les r\u00e9sultats du projet LGC. Des \u00e9chantillons de d\u00e9chets d'\u00e9vier, un \u00e9vier vert et des granul\u00e9s r seront pr\u00e9sent\u00e9s.<\/p>\n\n\n\n<figure class=\"wp-block-gallery has-nested-images columns-default is-cropped wp-block-gallery-7 is-layout-flex wp-block-gallery-is-layout-flex\">\n<figure class=\"wp-block-image size-large\"><img decoding=\"async\" width=\"1024\" height=\"768\" data-id=\"247954\" src=\"https:\/\/www.pladostelma.com\/wp-content\/uploads\/shared-image-3-1024x768.jpg\" alt=\"\u00c9vier en composite avec vidange et \u00e9tiquette.\" class=\"wp-image-247954\" srcset=\"https:\/\/www.pladostelma.com\/wp-content\/uploads\/shared-image-3-1024x768.jpg 1024w, https:\/\/www.pladostelma.com\/wp-content\/uploads\/shared-image-3-300x225.jpg 300w, https:\/\/www.pladostelma.com\/wp-content\/uploads\/shared-image-3-768x576.jpg 768w, https:\/\/www.pladostelma.com\/wp-content\/uploads\/shared-image-3-1536x1152.jpg 1536w, https:\/\/www.pladostelma.com\/wp-content\/uploads\/shared-image-3-16x12.jpg 16w, https:\/\/www.pladostelma.com\/wp-content\/uploads\/shared-image-3-600x450.jpg 600w, https:\/\/www.pladostelma.com\/wp-content\/uploads\/shared-image-3-100x75.jpg 100w, https:\/\/www.pladostelma.com\/wp-content\/uploads\/shared-image-3.jpg 1960w\" sizes=\"(max-width: 1024px) 100vw, 1024px\" \/><\/figure>\n\n\n\n<figure class=\"wp-block-image size-large\"><img decoding=\"async\" width=\"1024\" height=\"768\" data-id=\"247955\" src=\"https:\/\/www.pladostelma.com\/wp-content\/uploads\/shared-image-11-1024x768.jpg\" alt=\"Trois pots contenant diff\u00e9rents \u00e9chantillons de min\u00e9raux.\" class=\"wp-image-247955\" srcset=\"https:\/\/www.pladostelma.com\/wp-content\/uploads\/shared-image-11-1024x768.jpg 1024w, https:\/\/www.pladostelma.com\/wp-content\/uploads\/shared-image-11-300x225.jpg 300w, https:\/\/www.pladostelma.com\/wp-content\/uploads\/shared-image-11-768x576.jpg 768w, https:\/\/www.pladostelma.com\/wp-content\/uploads\/shared-image-11-1536x1152.jpg 1536w, https:\/\/www.pladostelma.com\/wp-content\/uploads\/shared-image-11-16x12.jpg 16w, https:\/\/www.pladostelma.com\/wp-content\/uploads\/shared-image-11-600x450.jpg 600w, https:\/\/www.pladostelma.com\/wp-content\/uploads\/shared-image-11-100x75.jpg 100w, https:\/\/www.pladostelma.com\/wp-content\/uploads\/shared-image-11.jpg 1960w\" sizes=\"(max-width: 1024px) 100vw, 1024px\" \/><\/figure>\n\n\n\n<figure class=\"wp-block-image size-large\"><img decoding=\"async\" width=\"1024\" height=\"768\" data-id=\"247956\" src=\"https:\/\/www.pladostelma.com\/wp-content\/uploads\/shared-image-13-1024x768.jpg\" alt=\"Sept pots contenant diff\u00e9rents types de terre\" class=\"wp-image-247956\" srcset=\"https:\/\/www.pladostelma.com\/wp-content\/uploads\/shared-image-13-1024x768.jpg 1024w, https:\/\/www.pladostelma.com\/wp-content\/uploads\/shared-image-13-300x225.jpg 300w, https:\/\/www.pladostelma.com\/wp-content\/uploads\/shared-image-13-768x576.jpg 768w, https:\/\/www.pladostelma.com\/wp-content\/uploads\/shared-image-13-1536x1152.jpg 1536w, https:\/\/www.pladostelma.com\/wp-content\/uploads\/shared-image-13-16x12.jpg 16w, https:\/\/www.pladostelma.com\/wp-content\/uploads\/shared-image-13-600x450.jpg 600w, https:\/\/www.pladostelma.com\/wp-content\/uploads\/shared-image-13-100x75.jpg 100w, https:\/\/www.pladostelma.com\/wp-content\/uploads\/shared-image-13.jpg 1960w\" sizes=\"(max-width: 1024px) 100vw, 1024px\" \/><\/figure>\n\n\n\n<figure class=\"wp-block-image size-large\"><img decoding=\"async\" width=\"724\" height=\"1024\" data-id=\"247957\" src=\"https:\/\/www.pladostelma.com\/wp-content\/uploads\/CINEA-GREEN-WEEK-NEW_stand-724x1024.jpg\" alt=\"Semaine verte de l&#039;UE, projets d&#039;\u00e9conomie circulaire CINEA.\" class=\"wp-image-247957\" srcset=\"https:\/\/www.pladostelma.com\/wp-content\/uploads\/CINEA-GREEN-WEEK-NEW_stand-724x1024.jpg 724w, https:\/\/www.pladostelma.com\/wp-content\/uploads\/CINEA-GREEN-WEEK-NEW_stand-212x300.jpg 212w, https:\/\/www.pladostelma.com\/wp-content\/uploads\/CINEA-GREEN-WEEK-NEW_stand-768x1086.jpg 768w, https:\/\/www.pladostelma.com\/wp-content\/uploads\/CINEA-GREEN-WEEK-NEW_stand-1086x1536.jpg 1086w, https:\/\/www.pladostelma.com\/wp-content\/uploads\/CINEA-GREEN-WEEK-NEW_stand-8x12.jpg 8w, https:\/\/www.pladostelma.com\/wp-content\/uploads\/CINEA-GREEN-WEEK-NEW_stand-424x600.jpg 424w, https:\/\/www.pladostelma.com\/wp-content\/uploads\/CINEA-GREEN-WEEK-NEW_stand-71x100.jpg 71w, https:\/\/www.pladostelma.com\/wp-content\/uploads\/CINEA-GREEN-WEEK-NEW_stand.jpg 1386w\" sizes=\"(max-width: 724px) 100vw, 724px\" \/><\/figure>\n<\/figure>\n<\/div>\n\n\n\n<div class=\"wp-block-uagb-tabs-child uagb-tabs__body-container uagb-inner-tab-30\" aria-labelledby=\"uagb-tabs__tab30\">\n<p>R\u00c9SERVEZ LA DATE !<br>La conf\u00e9rence finale du projet est pr\u00e9vue pour le 10 juillet dans la salle Urbani de l'universit\u00e9 de Camerino.<\/p>\n\n\n\n<figure class=\"wp-block-image size-large\"><img decoding=\"async\" width=\"533\" height=\"1024\" src=\"https:\/\/www.pladostelma.com\/wp-content\/uploads\/save_the_date-533x1024.jpg\" alt=\"S\u00e9minaire LIFE Green Composite \u00e0 Camerino.\" class=\"wp-image-248060\" srcset=\"https:\/\/www.pladostelma.com\/wp-content\/uploads\/save_the_date-533x1024.jpg 533w, https:\/\/www.pladostelma.com\/wp-content\/uploads\/save_the_date-156x300.jpg 156w, https:\/\/www.pladostelma.com\/wp-content\/uploads\/save_the_date-768x1476.jpg 768w, https:\/\/www.pladostelma.com\/wp-content\/uploads\/save_the_date-799x1536.jpg 799w, https:\/\/www.pladostelma.com\/wp-content\/uploads\/save_the_date-6x12.jpg 6w, https:\/\/www.pladostelma.com\/wp-content\/uploads\/save_the_date-312x600.jpg 312w, https:\/\/www.pladostelma.com\/wp-content\/uploads\/save_the_date-52x100.jpg 52w, https:\/\/www.pladostelma.com\/wp-content\/uploads\/save_the_date.jpg 1020w\" sizes=\"(max-width: 533px) 100vw, 533px\" \/><\/figure>\n<\/div>\n\n\n\n<div class=\"wp-block-uagb-tabs-child uagb-tabs__body-container uagb-inner-tab-31\" aria-labelledby=\"uagb-tabs__tab31\">\n<p>Plados participe \u00e0 la Semaine verte europ\u00e9enne en pr\u00e9sentant le projet Life Green Composite :<\/p>\n\n\n\n<p><a href=\"https:\/\/www.pladostelma.com\/uncategorized\/plados-alla-green-week-2025\/\">https:\/\/www.pladostelma.com\/uncategorized\/plados-alla-green-week-2025\/<\/a><\/p>\n<\/div>\n\n\n\n<div class=\"wp-block-uagb-tabs-child uagb-tabs__body-container uagb-inner-tab-32\" aria-labelledby=\"uagb-tabs__tab32\">\n<p>Publication de la deuxi\u00e8me brochure du projet :<\/p>\n\n\n\n<div data-wp-interactive=\"core\/file\" class=\"wp-block-file\"><object data-wp-bind--hidden=\"!state.hasPdfPreview\" hidden class=\"wp-block-file__embed\" data=\"https:\/\/www.pladostelma.com\/wp-content\/uploads\/LGC_2025_IT_040625.pdf\" type=\"application\/pdf\" style=\"width:100%;height:600px\" aria-label=\"Contenu embarqu\u00e9 LGC_2025_IT_040625.\"><\/object><a id=\"wp-block-file--media-7358e788-48f0-4873-86ee-1e31bdec7f83\" href=\"https:\/\/www.pladostelma.com\/wp-content\/uploads\/LGC_2025_IT_040625.pdf\">LGC_2025_FR_040625<\/a><a href=\"https:\/\/www.pladostelma.com\/wp-content\/uploads\/LGC_2025_IT_040625.pdf\" class=\"wp-block-file__button wp-element-button\" download aria-describedby=\"wp-block-file--media-7358e788-48f0-4873-86ee-1e31bdec7f83\">T\u00e9l\u00e9charger<\/a><\/div>\n<\/div>\n\n\n\n<div class=\"wp-block-uagb-tabs-child uagb-tabs__body-container uagb-inner-tab-33\" aria-labelledby=\"uagb-tabs__tab33\">\n<p>Publication du programme du s\u00e9minaire final du 10 juillet.<\/p>\n\n\n\n<div data-wp-interactive=\"core\/file\" class=\"wp-block-file\"><object data-wp-bind--hidden=\"!state.hasPdfPreview\" hidden class=\"wp-block-file__embed\" data=\"https:\/\/www.pladostelma.com\/wp-content\/uploads\/Locandina_finale.pdf\" type=\"application\/pdf\" style=\"width:100%;height:600px\" aria-label=\"Contenu embarqu\u00e9 Locandina_finale.\"><\/object><a id=\"wp-block-file--media-d8b8b507-501f-418f-8c6c-db5cb6bd6e39\" href=\"https:\/\/www.pladostelma.com\/wp-content\/uploads\/Locandina_finale.pdf\">Poster_final<\/a><a href=\"https:\/\/www.pladostelma.com\/wp-content\/uploads\/Locandina_finale.pdf\" class=\"wp-block-file__button wp-element-button\" download aria-describedby=\"wp-block-file--media-d8b8b507-501f-418f-8c6c-db5cb6bd6e39\">T\u00e9l\u00e9charger<\/a><\/div>\n<\/div>\n\n\n\n<div class=\"wp-block-uagb-tabs-child uagb-tabs__body-container uagb-inner-tab-34\" aria-labelledby=\"uagb-tabs__tab34\">\n<p>Le magazine \"Polimerica\" publie un article sur la conf\u00e9rence finale du projet Life Green Composite : <a href=\"https:\/\/www.polimerica.it\/articolo.asp?id=34091\">https:\/\/www.polimerica.it\/articolo.asp?id=34091<\/a><\/p>\n<\/div>\n\n\n\n<div class=\"wp-block-uagb-tabs-child uagb-tabs__body-container uagb-inner-tab-35\" aria-labelledby=\"uagb-tabs__tab35\">\n<p>L'\u00e9quipe du point de contact national LIFE a publi\u00e9 la nouvelle du dernier s\u00e9minaire LIFE Green Composite sur le site web du minist\u00e8re de l'environnement et de la s\u00e9curit\u00e9 \u00e9nerg\u00e9tique et l'a diffus\u00e9e par le biais des canaux sociaux.<\/p>\n\n\n\n<p><a href=\"https:\/\/www.mase.gov.it\/portale\/web\/guest\/-\/notizie-life-2025-\">https:\/\/www.mase.gov.it\/portale\/web\/guest\/-\/notizie-life-2025-<\/a><\/p>\n<\/div>\n\n\n\n<div class=\"wp-block-uagb-tabs-child uagb-tabs__body-container uagb-inner-tab-36\" aria-labelledby=\"uagb-tabs__tab36\">\n<p>Publication du rapport du la\u00efc :<\/p>\n\n\n\n<div data-wp-interactive=\"core\/file\" class=\"wp-block-file\"><object data-wp-bind--hidden=\"!state.hasPdfPreview\" hidden class=\"wp-block-file__embed\" data=\"https:\/\/www.pladostelma.com\/wp-content\/uploads\/laymans_report_LGC.pdf\" type=\"application\/pdf\" style=\"width:100%;height:600px\" aria-label=\"Contenu embarqu\u00e9 laymans_report_LGC.\"><\/object><a id=\"wp-block-file--media-f076828f-4290-4a59-815e-5b1654ae442b\" href=\"https:\/\/www.pladostelma.com\/wp-content\/uploads\/laymans_report_LGC.pdf\">laymans_report_LGC<\/a><a href=\"https:\/\/www.pladostelma.com\/wp-content\/uploads\/laymans_report_LGC.pdf\" class=\"wp-block-file__button wp-element-button\" download aria-describedby=\"wp-block-file--media-f076828f-4290-4a59-815e-5b1654ae442b\">T\u00e9l\u00e9charger<\/a><\/div>\n<\/div>\n\n\n\n<div class=\"wp-block-uagb-tabs-child uagb-tabs__body-container uagb-inner-tab-37\" aria-labelledby=\"uagb-tabs__tab37\">\n<p>C'est avec une grande satisfaction que nous partageons le succ\u00e8s du s\u00e9minaire final du projet LIFE GREEN COMPOSITE promu par Delta du groupe Plados Telma et @GeesRecycling, qui s'est d\u00e9roul\u00e9 le 10 juillet \u00e0 l'Universit\u00e9 de Camerino (UNICAM).<br><br>L'\u00e9v\u00e9nement a repr\u00e9sent\u00e9 une occasion importante de discuter et de partager les r\u00e9sultats obtenus par le projet, qui vise \u00e0 d\u00e9velopper des mat\u00e9riaux composites durables, innovants et circulaires. Des discours d'ouverture, un contenu technique de qualit\u00e9 et des tables rondes stimulantes ont enrichi la journ\u00e9e, confirmant l'importance de la collaboration entre les entreprises, les universit\u00e9s et les institutions.<br><br>\ud83d\udccc Le projet a \u00e9t\u00e9 cofinanc\u00e9 par l'Union europ\u00e9enne dans le cadre du programme LIFE de soutien \u00e0 la transition \u00e9cologique.<br>Un grand merci \u00e0 tous les participants, intervenants et partenaires impliqu\u00e9s : votre contribution a fait de cet \u00e9v\u00e9nement un v\u00e9ritable succ\u00e8s.<\/p>\n\n\n\n<div style=\"height:25px\" aria-hidden=\"true\" class=\"wp-block-spacer\"><\/div>\n\n\n\n<p>\ud83d\udd17 Pour en savoir plus sur le projet : https:\/\/lnkd.in\/dhGbnuTc<\/p>\n\n\n\n<div style=\"height:25px\" aria-hidden=\"true\" class=\"wp-block-spacer\"><\/div>\n\n\n\n<p>LIFEGreenComposite #PladosTelma #GeesRecycling #UNICAM 1TP77ProjectLIFE 1TP77Sustainability #EconomyCircular #Innovation #Research 1TP77Ecological Transition<\/p>\n\n\n\n<figure class=\"wp-block-gallery has-nested-images columns-default is-cropped wp-block-gallery-8 is-layout-flex wp-block-gallery-is-layout-flex\">\n<figure class=\"wp-block-image size-large\"><img decoding=\"async\" width=\"1024\" height=\"768\" data-id=\"248090\" src=\"https:\/\/www.pladostelma.com\/wp-content\/uploads\/lgc_1007_1-1024x768.png\" alt=\"S\u00e9minaire LIFE Green Composite, pr\u00e9sentation par quatre personnes.\" class=\"wp-image-248090\" srcset=\"https:\/\/www.pladostelma.com\/wp-content\/uploads\/lgc_1007_1-1024x768.png 1024w, https:\/\/www.pladostelma.com\/wp-content\/uploads\/lgc_1007_1-300x225.png 300w, https:\/\/www.pladostelma.com\/wp-content\/uploads\/lgc_1007_1-768x576.png 768w, https:\/\/www.pladostelma.com\/wp-content\/uploads\/lgc_1007_1-1536x1152.png 1536w, https:\/\/www.pladostelma.com\/wp-content\/uploads\/lgc_1007_1-16x12.png 16w, https:\/\/www.pladostelma.com\/wp-content\/uploads\/lgc_1007_1-600x450.png 600w, https:\/\/www.pladostelma.com\/wp-content\/uploads\/lgc_1007_1-100x75.png 100w, https:\/\/www.pladostelma.com\/wp-content\/uploads\/lgc_1007_1.png 1772w\" sizes=\"(max-width: 1024px) 100vw, 1024px\" \/><\/figure>\n\n\n\n<figure class=\"wp-block-image size-large\"><img decoding=\"async\" width=\"1024\" height=\"768\" data-id=\"248089\" src=\"https:\/\/www.pladostelma.com\/wp-content\/uploads\/lgc_1007_2-1024x768.png\" alt=\"Conf\u00e9rence en salle de classe avec des participants assis\" class=\"wp-image-248089\" srcset=\"https:\/\/www.pladostelma.com\/wp-content\/uploads\/lgc_1007_2-1024x768.png 1024w, https:\/\/www.pladostelma.com\/wp-content\/uploads\/lgc_1007_2-300x225.png 300w, https:\/\/www.pladostelma.com\/wp-content\/uploads\/lgc_1007_2-768x576.png 768w, https:\/\/www.pladostelma.com\/wp-content\/uploads\/lgc_1007_2-1536x1152.png 1536w, https:\/\/www.pladostelma.com\/wp-content\/uploads\/lgc_1007_2-16x12.png 16w, https:\/\/www.pladostelma.com\/wp-content\/uploads\/lgc_1007_2-600x450.png 600w, https:\/\/www.pladostelma.com\/wp-content\/uploads\/lgc_1007_2-100x75.png 100w, https:\/\/www.pladostelma.com\/wp-content\/uploads\/lgc_1007_2.png 1772w\" sizes=\"(max-width: 1024px) 100vw, 1024px\" \/><\/figure>\n\n\n\n<figure class=\"wp-block-image size-large\"><img decoding=\"async\" width=\"768\" height=\"1024\" data-id=\"248091\" src=\"https:\/\/www.pladostelma.com\/wp-content\/uploads\/lgc_1007_3-768x1024.png\" alt=\"Exposition d&#039;\u00e9viers innovants et de mat\u00e9riaux recycl\u00e9s.\" class=\"wp-image-248091\" srcset=\"https:\/\/www.pladostelma.com\/wp-content\/uploads\/lgc_1007_3-768x1024.png 768w, https:\/\/www.pladostelma.com\/wp-content\/uploads\/lgc_1007_3-225x300.png 225w, https:\/\/www.pladostelma.com\/wp-content\/uploads\/lgc_1007_3-1152x1536.png 1152w, https:\/\/www.pladostelma.com\/wp-content\/uploads\/lgc_1007_3-9x12.png 9w, https:\/\/www.pladostelma.com\/wp-content\/uploads\/lgc_1007_3-450x600.png 450w, https:\/\/www.pladostelma.com\/wp-content\/uploads\/lgc_1007_3-75x100.png 75w, https:\/\/www.pladostelma.com\/wp-content\/uploads\/lgc_1007_3.png 1329w\" sizes=\"(max-width: 768px) 100vw, 768px\" \/><\/figure>\n<\/figure>\n<\/div>\n\n\n\n<div class=\"wp-block-uagb-tabs-child uagb-tabs__body-container uagb-inner-tab-38\" aria-labelledby=\"uagb-tabs__tab38\">\n<p>LIFE GREEN COMPOSITE : \u00e9viers et panneaux \"verts\" sur le march\u00e9 !<\/p>\n\n\n\n<p>Le projet LIFE GREEN COMPOSITE de Plados Telma (Delta S.r.l.), Gees Recycling et l'Universit\u00e9 de Camerino (UNICAM), cofinanc\u00e9 par l'UE, s'est achev\u00e9 par le s\u00e9minaire final qui s'est tenu le 10 juillet 2025 \u00e0 Camerino.<\/p>\n\n\n\n<p>L'\u00e9v\u00e9nement a c\u00e9l\u00e9br\u00e9 le succ\u00e8s de ce projet de trois ans, qui a permis de produire \u00e0 l'\u00e9chelle industrielle des \u00e9viers et des panneaux \"verts\", fabriqu\u00e9s \u00e0 partir de d\u00e9chets et de r\u00e9sines enti\u00e8rement r\u00e9cup\u00e9r\u00e9s. Gr\u00e2ce \u00e0 une nouvelle usine de broyage et \u00e0 une ligne de production innovante, cette symbiose industrielle a permis le lancement de la gamme \"Rinnova\" (d\u00e9j\u00e0 pr\u00e9sente dans 70 pays) et ouvert la voie \u00e0 de nouvelles applications dans des secteurs tels que l'automobile et le design.<\/p>\n\n\n\n<p>Regardez la vid\u00e9o et les interviews du s\u00e9minaire final : <\/p>\n\n\n\n<figure class=\"wp-block-embed is-type-video is-provider-youtube wp-block-embed-youtube wp-embed-aspect-16-9 wp-has-aspect-ratio\"><div class=\"wp-block-embed__wrapper\">\n<iframe title=\"Life green composite\" width=\"500\" height=\"281\" src=\"https:\/\/www.youtube.com\/embed\/nrsdTdGTanQ?feature=oembed\" frameborder=\"0\" allow=\"accelerometer; autoplay; clipboard-write; encrypted-media; gyroscope; picture-in-picture; web-share\" referrerpolicy=\"strict-origin-when-cross-origin\" allowfullscreen><\/iframe>\n<\/div><\/figure>\n\n\n\n<p><\/p>\n<\/div>\n<\/div><\/div>\n\n\n\n<p><\/p>\n\n\n\n<div style=\"height:100px\" aria-hidden=\"true\" class=\"wp-block-spacer\"><\/div>\n\n\n\n<h2 class=\"wp-block-heading\">RAPPORT DU PROFANE<\/h2>\n\n\n\n<p>C'est avec beaucoup d'enthousiasme que nous avons le plaisir de vous pr\u00e9senter la&nbsp;<strong>Rapport du la\u00efc<\/strong>&nbsp;de notre projet. Ce document r\u00e9sume de mani\u00e8re claire et accessible les r\u00e9sultats concrets et mesurables que nous avons obtenus, confirmant l'\u00e9norme potentiel de notre travail pour l'\u00e9conomie circulaire. Nous vous invitons \u00e0 t\u00e9l\u00e9charger le PDF pour d\u00e9couvrir comment nous avons transform\u00e9 les d\u00e9chets en nouvelles ressources pr\u00e9cieuses, contribuant ainsi \u00e0 un avenir plus durable.<\/p>\n\n\n\n<div style=\"height:44px\" aria-hidden=\"true\" class=\"wp-block-spacer\"><\/div>\n\n\n\n<div data-wp-interactive=\"core\/file\" class=\"wp-block-file\"><object data-wp-bind--hidden=\"!state.hasPdfPreview\" hidden class=\"wp-block-file__embed\" data=\"https:\/\/www.pladostelma.com\/wp-content\/uploads\/laymans_report_LGC.pdf\" type=\"application\/pdf\" style=\"width:100%;height:600px\" aria-label=\"Contenu embarqu\u00e9 laymans_report_LGC.\"><\/object><a id=\"wp-block-file--media-5068612f-ff04-46d4-a2a0-aebb1bc3bb46\" href=\"https:\/\/www.pladostelma.com\/wp-content\/uploads\/laymans_report_LGC.pdf\">laymans_report_LGC<\/a><a href=\"https:\/\/www.pladostelma.com\/wp-content\/uploads\/laymans_report_LGC.pdf\" class=\"wp-block-file__button wp-element-button\" download aria-describedby=\"wp-block-file--media-5068612f-ff04-46d4-a2a0-aebb1bc3bb46\">T\u00e9l\u00e9charger<\/a><\/div>\n\n\n\n<div style=\"height:100px\" aria-hidden=\"true\" class=\"wp-block-spacer\"><\/div>\n\n\n\n<h2 class=\"wp-block-heading\"><strong>R\u00c9SULTATS FINAUX DU PROJET<\/strong><\/h2>\n\n\n\n<p>Le succ\u00e8s du projet LIFE GREEN COMPOSITE ne se limite pas \u00e0 la production de puits et de panneaux \"verts\", mais ouvre de nouvelles perspectives pour l'adoption d'un mod\u00e8le circulaire dans d'autres contextes et pour la valorisation des mat\u00e9riaux en fin de vie.<\/p>\n\n\n\n<p><strong>1 - \u00c9VALUATIONS SUR L'UTILISATION DU QUARTZ<\/strong><br><strong>BY <\/strong><strong>R\u00c9CUP\u00c9RATION<\/strong> <strong>DANS LA FABRICATIONONE D'\u00c9VIERS<\/strong><br><strong>(D4.1 Rapport sur l'utilisation du quartz r\u00e9cup\u00e9r\u00e9)<\/strong><\/p>\n\n\n\n<p>Tels qu'ils sont caract\u00e9ris\u00e9s, les prototypes de puits verts avec <br>r-quartz ont une qualit\u00e9 tout \u00e0 fait comparable \u00e0 la gamme d'\u00e9viers traditionnels fabriqu\u00e9s \u00e0 partir de mat\u00e9riaux vierges et sont donc commercialisables. En revanche, les prototypes d'\u00e9viers verts \u00e0 base de <br>Les granulats r sont un choix moins fiable, moins durable et globalement moins adapt\u00e9 aux exigences de r\u00e9sistance \u00e0 l'usure de l'environnement de la cuisine. Si l'utilisation d'un faible pourcentage de granulats r et l'utilisation combin\u00e9e de quartz r ont permis d'obtenir des \u00e9viers d'un meilleur aspect esth\u00e9tique, l'am\u00e9lioration de la moulabilit\u00e9 a \u00e9galement entra\u00een\u00e9 une l\u00e9g\u00e8re diminution des propri\u00e9t\u00e9s m\u00e9caniques du produit, en raison de la r\u00e9duction de la charge min\u00e9rale et de l'augmentation de la r\u00e9sine acrylique et des additifs.<\/p>\n\n\n\n<p>Il faut \u00e9galement tenir compte du probl\u00e8me du co\u00fbt plus \u00e9lev\u00e9 de la formule avec granul\u00e9s r, car elle est tr\u00e8s diff\u00e9rente, ce qui influence \u00e9videmment la d\u00e9cision de la commercialiser. Le co\u00fbt de la formule d'\u00e9vier avec granulats r est 44% plus \u00e9lev\u00e9 que celui de la formule avec quartz r, en raison de la plus grande quantit\u00e9 d'acrylique n\u00e9cessaire pour mouiller la charge de r\u00e9cup\u00e9ration des granulats r. Apr\u00e8s avoir \u00e9valu\u00e9 tous les aspects techniques, de performance et \u00e9conomiques, seule la gamme d'\u00e9viers verts avec du r-quartz a \u00e9t\u00e9 lanc\u00e9e sur le march\u00e9, sous le nom de <strong>RINNOVA<\/strong> en 4 couleurs : blanc arctique, beige dune, pierre d'alpage, noir volcan.<\/p>\n\n\n\n<div style=\"height:45px\" aria-hidden=\"true\" class=\"wp-block-spacer\"><\/div>\n\n\n\n<figure class=\"wp-block-image size-large\"><img decoding=\"async\" width=\"1024\" height=\"286\" src=\"https:\/\/www.pladostelma.com\/wp-content\/uploads\/rinnova_range-1024x286.jpg\" alt=\"Palette de couleurs : blanc, beige, gris, noir\" class=\"wp-image-248123\" srcset=\"https:\/\/www.pladostelma.com\/wp-content\/uploads\/rinnova_range-1024x286.jpg 1024w, https:\/\/www.pladostelma.com\/wp-content\/uploads\/rinnova_range-300x84.jpg 300w, https:\/\/www.pladostelma.com\/wp-content\/uploads\/rinnova_range-768x214.jpg 768w, https:\/\/www.pladostelma.com\/wp-content\/uploads\/rinnova_range-1536x429.jpg 1536w, https:\/\/www.pladostelma.com\/wp-content\/uploads\/rinnova_range-2048x572.jpg 2048w, https:\/\/www.pladostelma.com\/wp-content\/uploads\/rinnova_range-18x5.jpg 18w, https:\/\/www.pladostelma.com\/wp-content\/uploads\/rinnova_range-600x168.jpg 600w, https:\/\/www.pladostelma.com\/wp-content\/uploads\/rinnova_range-100x28.jpg 100w\" sizes=\"(max-width: 1024px) 100vw, 1024px\" \/><figcaption class=\"wp-element-caption\">Capture d'\u00e9cran<\/figcaption><\/figure>\n\n\n\n<div style=\"height:100px\" aria-hidden=\"true\" class=\"wp-block-spacer\"><\/div>\n\n\n\n<p><strong>2 - CARACT\u00c9RISATIONONE DES MAT\u00c9RIAUX VERTS<\/strong><br><strong>(D 4.3 Rapport sur la performance des puits verts)<\/strong><br><br>De nouveaux proc\u00e9d\u00e9s industriels pour les puits verts en RINNOVA ont \u00e9t\u00e9 test\u00e9s et affin\u00e9s par le biais de campagnes exp\u00e9rimentales. Les objectifs comprenaient la s\u00e9lection de la taille optimale des particules de d\u00e9chets (r-Granul\u00e9s), l'affinement de la conversion du monom\u00e8re r-MMA en r-Syrup, l'optimisation des formulations vertes pour les \u00e9viers et les panneaux, et l'am\u00e9lioration du moulage. Gr\u00e2ce \u00e0 ces tests, les meilleures formulations vertes contenant plus de 95% de mat\u00e9riaux r\u00e9cup\u00e9r\u00e9s ont \u00e9t\u00e9 d\u00e9velopp\u00e9es et caract\u00e9ris\u00e9es en laboratoire selon les normes requises. La \"caract\u00e9risation\" consiste \u00e0 soumettre les produits \u00e0 une s\u00e9rie de tests sp\u00e9cifiques afin de mesurer et d'\u00e9valuer leurs propri\u00e9t\u00e9s physiques et chimiques. Par exemple, la r\u00e9sistance aux chocs, la durabilit\u00e9, la r\u00e9action aux liquides et aux d\u00e9tergents ou l'aspect esth\u00e9tique sont test\u00e9s. Ce processus nous permet de nous assurer que le produit final est de haute qualit\u00e9, fiable et qu'il r\u00e9pond \u00e0 toutes les exigences, en particulier lors de l'utilisation de nouvelles formulations avec des mat\u00e9riaux r\u00e9cup\u00e9r\u00e9s. En fait, c'est notre fa\u00e7on de confirmer que les produits \"verts\" fonctionnent aussi bien, sinon mieux, que les produits traditionnels.<\/p>\n\n\n\n<div style=\"height:45px\" aria-hidden=\"true\" class=\"wp-block-spacer\"><\/div>\n\n\n\n<figure class=\"wp-block-image size-large\"><img decoding=\"async\" width=\"1024\" height=\"761\" src=\"https:\/\/www.pladostelma.com\/wp-content\/uploads\/tabella_rinnova-1024x761.jpg\" alt=\"Table d&#039;analyse d&#039;\u00e9vier Rinnova et Rinnova Plus.\" class=\"wp-image-248124\" srcset=\"https:\/\/www.pladostelma.com\/wp-content\/uploads\/tabella_rinnova-1024x761.jpg 1024w, https:\/\/www.pladostelma.com\/wp-content\/uploads\/tabella_rinnova-300x223.jpg 300w, https:\/\/www.pladostelma.com\/wp-content\/uploads\/tabella_rinnova-768x571.jpg 768w, https:\/\/www.pladostelma.com\/wp-content\/uploads\/tabella_rinnova-1536x1141.jpg 1536w, https:\/\/www.pladostelma.com\/wp-content\/uploads\/tabella_rinnova-16x12.jpg 16w, https:\/\/www.pladostelma.com\/wp-content\/uploads\/tabella_rinnova-600x446.jpg 600w, https:\/\/www.pladostelma.com\/wp-content\/uploads\/tabella_rinnova-100x74.jpg 100w, https:\/\/www.pladostelma.com\/wp-content\/uploads\/tabella_rinnova.jpg 1860w\" sizes=\"(max-width: 1024px) 100vw, 1024px\" \/><figcaption class=\"wp-element-caption\">Capture d'\u00e9cran<\/figcaption><\/figure>\n\n\n\n<div style=\"height:100px\" aria-hidden=\"true\" class=\"wp-block-spacer\"><\/div>\n\n\n\n<p><strong>3 - \u00c9TUDE DE MARCH\u00c9 ET PLAN D'AFFAIRES<\/strong><br><strong>(D 6.5 \u00c9tude de march\u00e9 et plan d'entreprise)<\/strong><br><br>L'analyse du march\u00e9 a r\u00e9v\u00e9l\u00e9 un contexte favorable \u00e0 la diffusion de solutions durables dans le secteur du mobilier de cuisine, les consommateurs, les distributeurs et les fabricants s'int\u00e9ressant de plus en plus aux mat\u00e9riaux recycl\u00e9s, tra\u00e7ables et conformes aux normes ESG. Delta s'est positionn\u00e9 de mani\u00e8re distinctive avec un produit unique : un \u00e9vier fabriqu\u00e9 \u00e0 partir de mat\u00e9riaux recycl\u00e9s 95%, sans compromis en termes de performance, d'esth\u00e9tique et de durabilit\u00e9. Cet avantage concurrentiel, combin\u00e9 \u00e0 une strat\u00e9gie marketing cibl\u00e9e et \u00e0 un r\u00e9seau de distribution bien \u00e9tabli, permet \u00e0 l'entreprise d'affronter avec confiance les d\u00e9fis du march\u00e9 et de saisir les opportunit\u00e9s offertes par la transition \u00e9cologique. Les projections \u00e9conomiques et financi\u00e8res dessinent une trajectoire de croissance durable, avec une augmentation progressive de la production et des marges, sous l'impulsion de la ligne verte. Bien que les premiers volumes soient inf\u00e9rieurs aux pr\u00e9visions, les retours positifs de certains march\u00e9s cl\u00e9s (Europe du Nord, Australie, France) confirment la validit\u00e9 de la proposition et la n\u00e9cessit\u00e9 de poursuivre les investissements cibl\u00e9s en mati\u00e8re de communication, de formaion et d'\u00e9largissement de la gamme.<br>La ligne Rinnova repr\u00e9sente non seulement une innovation de produit, mais aussi une \u00e9volution strat\u00e9gique pour Delta, qui renforce son engagement en faveur d'un mod\u00e8le industriel circulaire, comp\u00e9titif et responsable. Ce plan constitue une base concr\u00e8te pour attirer de nouveaux partenaires, acc\u00e9der \u00e0 des financements verts et guider la croissance futura de l'entreprise dans le respect des principes de durabilit\u00e9 environnementale et \u00e9conomique.&nbsp;<\/p>\n\n\n\n<div style=\"height:100px\" aria-hidden=\"true\" class=\"wp-block-spacer\"><\/div>\n\n\n\n<p><strong>4 - \u00c9VALUATION DES COLLECTIONS<\/strong><br><strong>SINKS<\/strong> <strong>COMPOSITE EN FIN DE VIE<\/strong><br><strong>(D6.1 \u00c9tude de faisabilit\u00e9 sur le recyclage des produits chimiques)<\/strong><br><strong>de puits composites en fin de vie)<\/strong><\/p>\n\n\n\n<p>La collecte des \u00e9viers apr\u00e8s consommation est techniquement possible, ce qui permet de recycler les mat\u00e9riaux et de r\u00e9duire la mise en d\u00e9charge. Les r\u00e9sultats de l'\u00e9tude sur la faisabilit\u00e9 de la r\u00e9cup\u00e9ration peuvent \u00eatre r\u00e9sum\u00e9s comme suit :<br><br>- <strong>Recyclabilit\u00e9<\/strong>Les \u00e9viers composites sont techniquement recyclables par des proc\u00e9d\u00e9s m\u00e9caniques. Les mat\u00e9riaux obtenus peuvent \u00eatre r\u00e9utilis\u00e9s dans divers secteurs.<br>- <strong>Avantages pour l'environnement<\/strong>Le recyclage r\u00e9duit la mise en d\u00e9charge et permet de r\u00e9cup\u00e9rer des mati\u00e8res premi\u00e8res.<br>- <strong>Obstacles op\u00e9rationnels<\/strong>Il n'existe pas d'infrastructure de collecte ad\u00e9quate ; les co\u00fbts de transport et de stockage sont importants ; la participation des parties prenantes n\u00e9cessite une gouvernance partag\u00e9e.<br>- <strong>Faisabilit\u00e9 \u00e9conomique<\/strong>Le recyclage avant consommation est comp\u00e9titif par rapport \u00e0 l'\u00e9limination, tandis que le recyclage apr\u00e8s consommation devra faire l'objet d'une \u00e9valuation \u00e9conomique, car il pr\u00e9sente une plus grande variabilit\u00e9, des co\u00fbts et des probl\u00e8mes logistiques plus importants.<\/p>\n\n\n\n<p>Le projet a jet\u00e9 les bases d'un mod\u00e8le circulaire prometteur avec un potentiel concret de gestion durable des \u00e9viers en fin de vie, s'il est \u00e9conomiquement r\u00e9alisable.<\/p>\n\n\n\n<div style=\"height:100px\" aria-hidden=\"true\" class=\"wp-block-spacer\"><\/div>\n\n\n\n<p><strong>5 - DISSEMINAONE ET FOIRES DE PR\u00c9SENTATION<\/strong><br><strong>DES R\u00c9SULTATS DU PROJET LIFE GREEN COMPOSITE<\/strong><br><strong>(D 5.5-Paquet final de diffusion)<\/strong><br><br>Au cours des salons SICAM et INTERZUM auxquels DELTA a particip\u00e9, environ 500 nouveaux contacts commerciaux ont \u00e9t\u00e9 g\u00e9n\u00e9r\u00e9s, dont une cinquantaine de clients potentiels qui ont exprim\u00e9 leur int\u00e9r\u00eat pour le nouveau produit \"RINNOVA\". La pr\u00e9sentation de DELTA et de GEES \u00e0 ECOMONDO a \u00e9t\u00e9 suivie avec grand int\u00e9r\u00eat par plus de 250 acteurs de l'industrie du recyclage. Suite aux contacts \u00e9tablis lors de l'exposition, des r\u00e9unions ont \u00e9t\u00e9 planifi\u00e9es avec plusieurs entreprises afin de leur montrer les usines LIFE GREEN COMPOSITE et d'\u00e9valuer de nouveaux projets dans le secteur du recyclage et de la valorisation des d\u00e9chets. Les activit\u00e9s et les r\u00e9sultats obtenus constituent une base prometteuse pour le march\u00e9 des nouveaux puits et panneaux verts et ouvrent la voie \u00e0 une expansion potentielle des applications des mat\u00e9riaux r\u00e9cup\u00e9r\u00e9s.<\/p>\n\n\n\n<div style=\"height:50px\" aria-hidden=\"true\" class=\"wp-block-spacer\"><\/div>\n\n\n\n<p><\/p>\n\n\n\n<figure class=\"wp-block-gallery has-nested-images columns-default is-cropped wp-block-gallery-9 is-layout-flex wp-block-gallery-is-layout-flex\">\n<figure class=\"wp-block-image size-large\"><img decoding=\"async\" width=\"898\" height=\"591\" data-id=\"248126\" src=\"https:\/\/www.pladostelma.com\/wp-content\/uploads\/image5-1.jpeg\" alt=\"Personnes debout derri\u00e8re une table avec du mat\u00e9riel.\" class=\"wp-image-248126\" srcset=\"https:\/\/www.pladostelma.com\/wp-content\/uploads\/image5-1.jpeg 898w, https:\/\/www.pladostelma.com\/wp-content\/uploads\/image5-1-300x197.jpeg 300w, https:\/\/www.pladostelma.com\/wp-content\/uploads\/image5-1-768x505.jpeg 768w, https:\/\/www.pladostelma.com\/wp-content\/uploads\/image5-1-18x12.jpeg 18w, https:\/\/www.pladostelma.com\/wp-content\/uploads\/image5-1-600x395.jpeg 600w, https:\/\/www.pladostelma.com\/wp-content\/uploads\/image5-1-100x66.jpeg 100w\" sizes=\"(max-width: 898px) 100vw, 898px\" \/><\/figure>\n\n\n\n<figure class=\"wp-block-image size-large\"><img decoding=\"async\" width=\"726\" height=\"591\" data-id=\"248125\" src=\"https:\/\/www.pladostelma.com\/wp-content\/uploads\/image4.jpeg\" alt=\"Stand CINEA avec mat\u00e9riel d&#039;exposition et brochures enformative.\" class=\"wp-image-248125\" srcset=\"https:\/\/www.pladostelma.com\/wp-content\/uploads\/image4.jpeg 726w, https:\/\/www.pladostelma.com\/wp-content\/uploads\/image4-300x244.jpeg 300w, https:\/\/www.pladostelma.com\/wp-content\/uploads\/image4-15x12.jpeg 15w, https:\/\/www.pladostelma.com\/wp-content\/uploads\/image4-600x488.jpeg 600w, https:\/\/www.pladostelma.com\/wp-content\/uploads\/image4-100x81.jpeg 100w\" sizes=\"(max-width: 726px) 100vw, 726px\" \/><\/figure>\n<\/figure>\n\n\n\n<div style=\"height:100px\" aria-hidden=\"true\" class=\"wp-block-spacer\"><\/div>\n\n\n\n<p><strong>6 - IMPACT DU PROJET SUR L'ENVIRONNEMENT<\/strong><br><strong>(D7.2 Rapport PEF)<\/strong><br><br>Le projet LIFE GREEN COMPOSITE a obtenu des r\u00e9sultats concrets et mesurables, d\u00e9montrant l'efficacit\u00e9 de notre approche de l'\u00e9conomie circulaire par le biais du rapport PEF, une m\u00e9thodologie europ\u00e9enne d'analyse de l'impact environnemental d'un produit tout au long de son cycle de vie. L'adoption de mati\u00e8res premi\u00e8res recycl\u00e9es au lieu de mati\u00e8res premi\u00e8res vierges a eu un impact positif significatif sur de multiples indicateurs environnementaux, allant au-del\u00e0 de la simple r\u00e9duction des \u00e9missions de CO<sub>2<\/sub>. Nous avons enregistr\u00e9 des baisses importantes dans des cat\u00e9gories cl\u00e9s :<br><br><strong>Acidification : -72%<\/strong><br><strong>Utilisation du sol : -20%<\/strong><br><strong>Consommation d'eau : -56,5%<\/strong> <br><strong>\u00c9cotoxicit\u00e9 : -50%<\/strong><br><br>Dans l'ensemble, le projet a permis d'\u00e9viter la consommation de quantit\u00e9s importantes de mat\u00e9riaux vierges pendant sa dur\u00e9e de vie, en les rempla\u00e7ant par des mat\u00e9riaux r\u00e9cup\u00e9r\u00e9s :<br><br><strong>r-MMA, r-Syrup et produits chimiques : 150 tonnes<\/strong><br><strong>r-Quartz et r-Microsph\u00e8re : 108 tonnes<\/strong><br><strong>r-Granul\u00e9s (pour le Delta) : 12 tonnes<\/strong><br><strong>r-Granul\u00e9s (pour l'usage des Gees) : 217 tonnes<\/strong><br><br>L'\u00e9norme potentiel des granul\u00e9s-r a \u00e9t\u00e9 confirm\u00e9 par <br>une analyse comparative : la comparaison entre 1 kg de quartz vierge et 1 kg de quartz de qualit\u00e9 sup\u00e9rieure. <br>Les granul\u00e9s r ont montr\u00e9 une r\u00e9duction moyenne drastique de 85% du potentiel de r\u00e9chauffement de la plan\u00e8te (PRP), exprim\u00e9 en CO<sub>2<\/sub>eq. Cela ouvre la voie \u00e0 de nombreuses nouvelles applications industrielles o\u00f9 les granul\u00e9s peuvent remplacer des mat\u00e9riaux vierges.<\/p>\n\n\n\n<div style=\"height:45px\" aria-hidden=\"true\" class=\"wp-block-spacer\"><\/div>\n\n\n\n<figure class=\"wp-block-gallery has-nested-images columns-default is-cropped wp-block-gallery-10 is-layout-flex wp-block-gallery-is-layout-flex\">\n<figure class=\"wp-block-image size-large\"><img decoding=\"async\" width=\"973\" height=\"591\" data-id=\"248128\" src=\"https:\/\/www.pladostelma.com\/wp-content\/uploads\/image7.png\" alt=\"Table et bancs en pierre sur une pelouse verte.\" class=\"wp-image-248128\" srcset=\"https:\/\/www.pladostelma.com\/wp-content\/uploads\/image7.png 973w, https:\/\/www.pladostelma.com\/wp-content\/uploads\/image7-300x182.png 300w, https:\/\/www.pladostelma.com\/wp-content\/uploads\/image7-768x466.png 768w, https:\/\/www.pladostelma.com\/wp-content\/uploads\/image7-18x12.png 18w, https:\/\/www.pladostelma.com\/wp-content\/uploads\/image7-600x364.png 600w, https:\/\/www.pladostelma.com\/wp-content\/uploads\/image7-100x61.png 100w\" sizes=\"(max-width: 973px) 100vw, 973px\" \/><\/figure>\n\n\n\n<figure class=\"wp-block-image size-large\"><img decoding=\"async\" width=\"582\" height=\"591\" data-id=\"248127\" src=\"https:\/\/www.pladostelma.com\/wp-content\/uploads\/image6.png\" alt=\"\" class=\"wp-image-248127\" srcset=\"https:\/\/www.pladostelma.com\/wp-content\/uploads\/image6.png 582w, https:\/\/www.pladostelma.com\/wp-content\/uploads\/image6-295x300.png 295w, https:\/\/www.pladostelma.com\/wp-content\/uploads\/image6-12x12.png 12w, https:\/\/www.pladostelma.com\/wp-content\/uploads\/image6-98x100.png 98w, https:\/\/www.pladostelma.com\/wp-content\/uploads\/image6-50x50.png 50w\" sizes=\"(max-width: 582px) 100vw, 582px\" \/><\/figure>\n<\/figure>\n\n\n\n<p><\/p>\n\n\n\n<div style=\"height:100px\" aria-hidden=\"true\" class=\"wp-block-spacer\"><\/div>\n\n\n\n<p><strong>7 - PRESENTATIONONE DES RESULTATS DU PROJET<\/strong><br><strong>LIFE GREEN COMPOSITE \u00c0 LA CONF\u00c9RENCE FINALE<\/strong><br><strong>(Conf\u00e9rence finale D5.4)<\/strong><br><br>Ce fut un moment tr\u00e8s int\u00e9ressant pour partager les r\u00e9sultats et les questions, notamment lors de la table de travail sur les sous-produits ; en particulier, la question des quantit\u00e9s actuelles de d\u00e9chets granul\u00e9s disponibles (granul\u00e9s r) par rapport aux utilisations potentielles et celle du prix, qui devrait \u00eatre align\u00e9 sur le co\u00fbt du quartz, son substitut possible, ont \u00e9t\u00e9 soulev\u00e9es. Il convient de noter les synergies possibles qui ont \u00e9t\u00e9 mises en \u00e9vidence parmi les participants au s\u00e9minaire et les perspectives concr\u00e8tes de d\u00e9veloppement ult\u00e9rieur de projets de recherche en exploitant les r\u00e9sultats et les exp\u00e9riences de Life Green Composite.<\/p>\n\n\n\n<div style=\"height:50px\" aria-hidden=\"true\" class=\"wp-block-spacer\"><\/div>\n\n\n\n<figure class=\"wp-block-gallery has-nested-images columns-default is-cropped wp-block-gallery-11 is-layout-flex wp-block-gallery-is-layout-flex\">\n<figure class=\"wp-block-image size-large\"><img decoding=\"async\" width=\"787\" height=\"591\" data-id=\"248130\" src=\"https:\/\/www.pladostelma.com\/wp-content\/uploads\/image8.jpeg\" alt=\"Pr\u00e9sentation de l&#039;universit\u00e9 sur les projets \u00e9cologiques LIFE\" class=\"wp-image-248130\" srcset=\"https:\/\/www.pladostelma.com\/wp-content\/uploads\/image8.jpeg 787w, https:\/\/www.pladostelma.com\/wp-content\/uploads\/image8-300x225.jpeg 300w, https:\/\/www.pladostelma.com\/wp-content\/uploads\/image8-768x577.jpeg 768w, https:\/\/www.pladostelma.com\/wp-content\/uploads\/image8-16x12.jpeg 16w, https:\/\/www.pladostelma.com\/wp-content\/uploads\/image8-600x451.jpeg 600w, https:\/\/www.pladostelma.com\/wp-content\/uploads\/image8-100x75.jpeg 100w\" sizes=\"(max-width: 787px) 100vw, 787px\" \/><\/figure>\n\n\n\n<figure class=\"wp-block-image size-large\"><img decoding=\"async\" width=\"788\" height=\"591\" data-id=\"248129\" src=\"https:\/\/www.pladostelma.com\/wp-content\/uploads\/image10.jpeg\" alt=\"Mat\u00e9riaux respectueux de l&#039;environnement provenant de d\u00e9chets min\u00e9raux et d&#039;\u00e9viers.\" class=\"wp-image-248129\" srcset=\"https:\/\/www.pladostelma.com\/wp-content\/uploads\/image10.jpeg 788w, https:\/\/www.pladostelma.com\/wp-content\/uploads\/image10-300x225.jpeg 300w, https:\/\/www.pladostelma.com\/wp-content\/uploads\/image10-768x576.jpeg 768w, https:\/\/www.pladostelma.com\/wp-content\/uploads\/image10-16x12.jpeg 16w, https:\/\/www.pladostelma.com\/wp-content\/uploads\/image10-600x450.jpeg 600w, https:\/\/www.pladostelma.com\/wp-content\/uploads\/image10-100x75.jpeg 100w\" sizes=\"(max-width: 788px) 100vw, 788px\" \/><\/figure>\n\n\n\n<figure class=\"wp-block-image size-large\"><img decoding=\"async\" width=\"444\" height=\"591\" data-id=\"248131\" src=\"https:\/\/www.pladostelma.com\/wp-content\/uploads\/image9.jpeg\" alt=\"Exposition d&#039;\u00e9viers et de mat\u00e9riel de cuisine.\" class=\"wp-image-248131\" srcset=\"https:\/\/www.pladostelma.com\/wp-content\/uploads\/image9.jpeg 444w, https:\/\/www.pladostelma.com\/wp-content\/uploads\/image9-225x300.jpeg 225w, https:\/\/www.pladostelma.com\/wp-content\/uploads\/image9-9x12.jpeg 9w, https:\/\/www.pladostelma.com\/wp-content\/uploads\/image9-75x100.jpeg 75w\" sizes=\"(max-width: 444px) 100vw, 444px\" \/><\/figure>\n<\/figure>\n\n\n\n<p><\/p>\n\n\n\n<p><\/p>\n\n\n\n<p><\/p>\n\n\n\n<p><\/p>\n\n\n\n<p><\/p>\n\n\n\n<p><\/p>\n\n\n\n<p><\/p>\n\n\n\n<p><\/p>\n\n\n\n<p><br><\/p>\n\n\n\n<p><\/p>","protected":false},"excerpt":{"rendered":"<p>Progetto co-finanziato dalla Unione Europea LIFE21-ENV-IT-LIFE GREEN COMPOSITEDURATA DEL PROGETTO: Inizio 01\/08\/22&nbsp; &#8211;&nbsp; Fine 31\/07\/25Beneficiario Coordinatore: DELTA SrlBeneficiario Associato: GEES RECYCLING SrlSede del progetto:&nbsp;Montelupone &#8211; Montecassiano (Macerata \/ Pordenone) Italia Il 1 Agosto 2022 Delta di Plados Telma group ha avviato il progetto LIFE, in collaborazione con la Gees Recycling, progetto co- finanziato al 60% [&hellip;]<\/p>\n","protected":false},"author":65,"featured_media":236363,"parent":0,"menu_order":0,"comment_status":"closed","ping_status":"closed","template":"","meta":{"_acf_changed":false,"_seopress_robots_primary_cat":"","_seopress_titles_title":"","_seopress_titles_desc":"","_seopress_robots_index":"","_uag_custom_page_level_css":"","iawp_total_views":1626,"uix_meta_title":"","uix_meta_description":"","uix_canonical_url":"","footnotes":""},"class_list":["post-236357","page","type-page","status-publish","has-post-thumbnail","hentry"],"acf":[],"uagb_featured_image_src":{"full":["https:\/\/www.pladostelma.com\/wp-content\/uploads\/image.png",254,159,false],"thumbnail":["https:\/\/www.pladostelma.com\/wp-content\/uploads\/image-150x150.png",150,150,true],"medium":["https:\/\/www.pladostelma.com\/wp-content\/uploads\/image.png",254,159,false],"medium_large":["https:\/\/www.pladostelma.com\/wp-content\/uploads\/image.png",254,159,false],"large":["https:\/\/www.pladostelma.com\/wp-content\/uploads\/image.png",254,159,false],"1536x1536":["https:\/\/www.pladostelma.com\/wp-content\/uploads\/image.png",254,159,false],"2048x2048":["https:\/\/www.pladostelma.com\/wp-content\/uploads\/image.png",254,159,false],"trp-custom-language-flag":["https:\/\/www.pladostelma.com\/wp-content\/uploads\/image-18x12.png",18,12,true],"woocommerce_thumbnail":["https:\/\/www.pladostelma.com\/wp-content\/uploads\/image.png",254,159,false],"woocommerce_single":["https:\/\/www.pladostelma.com\/wp-content\/uploads\/image.png",254,159,false],"woocommerce_gallery_thumbnail":["https:\/\/www.pladostelma.com\/wp-content\/uploads\/image-100x63.png",100,63,true],"variation_swatches_image_size":["https:\/\/www.pladostelma.com\/wp-content\/uploads\/image.png",50,31,false],"variation_swatches_tooltip_size":["https:\/\/www.pladostelma.com\/wp-content\/uploads\/image.png",100,63,false]},"uagb_author_info":{"display_name":"Savina Pianesi","author_link":"https:\/\/www.pladostelma.com\/fr\/author\/savina\/"},"uagb_comment_info":0,"uagb_excerpt":"Progetto co-finanziato dalla Unione Europea LIFE21-ENV-IT-LIFE GREEN COMPOSITEDURATA DEL PROGETTO: Inizio 01\/08\/22&nbsp; &#8211;&nbsp; Fine 31\/07\/25Beneficiario Coordinatore: DELTA SrlBeneficiario Associato: GEES RECYCLING SrlSede del progetto:&nbsp;Montelupone &#8211; Montecassiano (Macerata \/ Pordenone) Italia Il 1 Agosto 2022 Delta di Plados Telma group ha avviato il progetto LIFE, in collaborazione con la Gees Recycling, progetto co- finanziato al 60%\u2026","_links":{"self":[{"href":"https:\/\/www.pladostelma.com\/fr\/wp-json\/wp\/v2\/pages\/236357","targetHints":{"allow":["GET"]}}],"collection":[{"href":"https:\/\/www.pladostelma.com\/fr\/wp-json\/wp\/v2\/pages"}],"about":[{"href":"https:\/\/www.pladostelma.com\/fr\/wp-json\/wp\/v2\/types\/page"}],"author":[{"embeddable":true,"href":"https:\/\/www.pladostelma.com\/fr\/wp-json\/wp\/v2\/users\/65"}],"replies":[{"embeddable":true,"href":"https:\/\/www.pladostelma.com\/fr\/wp-json\/wp\/v2\/comments?post=236357"}],"version-history":[{"count":0,"href":"https:\/\/www.pladostelma.com\/fr\/wp-json\/wp\/v2\/pages\/236357\/revisions"}],"wp:featuredmedia":[{"embeddable":true,"href":"https:\/\/www.pladostelma.com\/fr\/wp-json\/wp\/v2\/media\/236363"}],"wp:attachment":[{"href":"https:\/\/www.pladostelma.com\/fr\/wp-json\/wp\/v2\/media?parent=236357"}],"curies":[{"name":"wp","href":"https:\/\/api.w.org\/{rel}","templated":true}]}}